
{"id":1127,"date":"2020-11-17T13:59:37","date_gmt":"2020-11-17T12:59:37","guid":{"rendered":"http:\/\/scf.se\/trial\/?page_id=1127"},"modified":"2020-11-17T14:07:10","modified_gmt":"2020-11-17T13:07:10","slug":"sm-trial-utomhus-2020","status":"publish","type":"page","link":"https:\/\/scf.se\/trial\/sm-trial-utomhus-2020\/","title":{"rendered":"SM Trial utomhus 2020"},"content":{"rendered":"<p><strong>SM Trial utomhus 2020-09-12<\/strong><\/p>\n<p>Arvika idrottss\u00e4llskap st\u00e5r \u00e5ter v\u00e4rd f\u00f6r Trial-SM den 12 september- T\u00e4vlingsansvarig \u00e4r Christian Andersson. Han utlovar en utmanande SM-bana med bra variation och blandade hinder som h\u00e5ller m\u00e5ttet f\u00f6r den svenska trial-eliten. Men framf\u00f6r allt \u00e4r Christian Andersson glad \u00f6ver att SM blir av detta speciella \u00e5r \u2013 trots att m\u00e4sterskapet sker utan publik.<\/p>\n<blockquote><p>\u2013 Det viktiga i \u00e5r har varit att f\u00e5 till n\u00e5got. V\u00e5ra trialcyklister \u00e4r taggade att tycker det \u00e4r kul att ha n\u00e5got att tr\u00e4na inf\u00f6r. Vi r\u00e4knar med lite manfall i \u00e5r, men hoppas cyklisterna tar chansen och anm\u00e4ler sig, och ser SM som en m\u00f6jlighet att f\u00e5 t\u00e4vla och tr\u00e4ffa likasinnade, s\u00e4ger han.<\/p><\/blockquote>\n<blockquote><p>\u2013 Vi har haft en v\u00e4ldigt annorlunda s\u00e4song. Alla internationella t\u00e4vlingar har varit inst\u00e4llda, f\u00f6rutom en C-t\u00e4vling i Slovakien. V\u00e5ra landslagscyklister har f\u00f6rs\u00f6kt uppr\u00e4tth\u00e5lla normal tr\u00e4ning men beh\u00f6ver tr\u00e4ffas och inspireras av varandra s\u00e5 det kan bli fler tr\u00e4ffar innan \u00e5ret \u00e4r slut, s\u00e4ger Mats Hult.<\/p><\/blockquote>\n<p>\u00c5rets SM f\u00f6ljs av en SweCup-t\u00e4vling i Arvika den 13 september och den 26 september arrangeras s\u00e4songens andra och sista SweCup\u00a0 i Tranemo, vilket gl\u00e4djer Mats Hult.<\/p>\n<blockquote><p>\u2013 Flera t\u00e4vlingar har flyttats i \u00e5r, f\u00f6r att sedan st\u00e4llas in. S\u00e5 det \u00e4r kul att det kommer t\u00e4vlingar nu f\u00f6r de som vill t\u00e4vla. F\u00f6r v\u00e5ra landslags\u00e5kare g\u00e4ller det att h\u00e5lla t\u00e4vlingsmoralen uppe, f\u00f6r f\u00f6rr eller senare \u00e4r det dags igen.<\/p>\n<p>&nbsp;<\/p><\/blockquote>\n<div>\n<p><b>SM trial utomhus<\/b><\/p>\n<\/div>\n<div>\n<p>SM trial utomhus avg\u00f6rs fr.o.m i \u00e5r i tre klasser, Herr Elit,\u00a0Herr Junior och\u00a0Dam Elit.<\/p>\n<\/div>\n<div>\n<p>Dam Elit fr\u00e5n 15 \u00e5r och upp\u00e5t enligt internationellt reglemente. F\u00f6r samtliga klasser g\u00e4ller minst tre startande fr\u00e5n minst tv\u00e5 olika klubbar f\u00f6r att m\u00e4sterskapstecken ska kunna delas ut enligt SCF:s reglemente.<\/p>\n<\/div>\n<hr \/>\n<p><strong>Resultat Trial SM 2020<\/strong><\/p>\n<p><em>Herr Junior<\/em><\/p>\n<p>1:a Ludvig Andersson, Arvika IS<\/p>\n<p>2:a Hilda Andersson, Arvika IS<\/p>\n<p>3:a Simon Nordstr\u00f6m, Partille Trial Klubb<\/p>\n<p><em>Herr Elit<\/em><\/p>\n<p>1:a Alexander Karlsson, Hawkhills Trial Klubb<\/p>\n<p>2:a Rasmus Liden, Tranemo CS<\/p>\n<p>3:a Tobias Hult, CK Dainon<\/p>\n","protected":false},"excerpt":{"rendered":"<p>SM Trial utomhus 2020-09-12 Arvika idrottss\u00e4llskap st\u00e5r \u00e5ter v\u00e4rd f\u00f6r Trial-SM den 12 september- T\u00e4vlingsansvarig \u00e4r Christian Andersson. Han utlovar en utmanande SM-bana med bra variation och blandade hinder som h\u00e5ller m\u00e5ttet f\u00f6r den svenska trial-eliten. Men framf\u00f6r allt \u00e4r Christian Andersson glad \u00f6ver att SM blir av detta speciella \u00e5r \u2013 trots att<a href=\"https:\/\/scf.se\/trial\/sm-trial-utomhus-2020\/\" class=\"news-card__more\"> &#8230;<\/a><\/p>\n","protected":false},"author":34,"featured_media":0,"parent":0,"menu_order":0,"comment_status":"closed","ping_status":"closed","template":"","meta":{"_acf_changed":false,"footnotes":""},"class_list":["post-1127","page","type-page","status-publish","hentry"],"acf":[],"_links":{"self":[{"href":"https:\/\/scf.se\/trial\/wp-json\/wp\/v2\/pages\/1127","targetHints":{"allow":["GET"]}}],"collection":[{"href":"https:\/\/scf.se\/trial\/wp-json\/wp\/v2\/pages"}],"about":[{"href":"https:\/\/scf.se\/trial\/wp-json\/wp\/v2\/types\/page"}],"author":[{"embeddable":true,"href":"https:\/\/scf.se\/trial\/wp-json\/wp\/v2\/users\/34"}],"replies":[{"embeddable":true,"href":"https:\/\/scf.se\/trial\/wp-json\/wp\/v2\/comments?post=1127"}],"version-history":[{"count":0,"href":"https:\/\/scf.se\/trial\/wp-json\/wp\/v2\/pages\/1127\/revisions"}],"wp:attachment":[{"href":"https:\/\/scf.se\/trial\/wp-json\/wp\/v2\/media?parent=1127"}],"curies":[{"name":"wp","href":"https:\/\/api.w.org\/{rel}","templated":true}]}}