
{"id":1384,"date":"2019-01-03T12:07:55","date_gmt":"2019-01-03T11:07:55","guid":{"rendered":"http:\/\/scf.se\/mountainbike\/?page_id=1384"},"modified":"2019-01-03T12:15:12","modified_gmt":"2019-01-03T11:15:12","slug":"grengruppsnytt-2019-01-03","status":"publish","type":"page","link":"https:\/\/scf.se\/mountainbike\/grengrupp-mountainbike\/grengruppsnytt-2019-01-03\/","title":{"rendered":"Grengruppsnytt 2019-01-03"},"content":{"rendered":"<p>Grengrupp MTB XCO genomf\u00f6rde ett internt och externt m\u00f6te l\u00f6rdagen den 8\/12 i G\u00f6teborg. Nedan finns en sammanfattning p\u00e5 de svar som grengruppen har kommit fram till p\u00e5 respektive punkt som togs upp p\u00e5 m\u00f6tet.<\/p>\n<p>Fram till den 15\/1 vill vi ha in era synpunkter innan vi kommer att g\u00e5 vidare med implementeringen av dessa f\u00f6rslag.<\/p>\n<p>V\u00e4nligen \u00e5terkoppla med era synpunkter till <a href=\"mailto: mountainbike@scf.se\">mountainbike@scf.se.<\/a><\/p>\n<hr \/>\n<h3>Fasta nummerlappar<\/h3>\n<p><em>Grengruppen och arrang\u00f6rerna p\u00e5 arrang\u00f6rskonferensen st\u00e4ller sig positiva till fasta nummerlappar. En utredning har p\u00e5b\u00f6rjats och kommer att forts\u00e4tta inf\u00f6r 2020. Utmaningarna \u00e4r fr\u00e4mst praktikaliteter s\u00e5 som kostnadst\u00e4ckning, adminstrativa l\u00f6sningar etcetera.\u00a0<\/em><\/p>\n<h3>P\/F 10-12 = P\/F 9-10, P\/F 11-12?<\/h3>\n<p><em>Grengruppen har ett f\u00f6rslag baserat p\u00e5 de mail och synpunkter som kommit in till grengruppen. L\u00e4s mer\u00a0<a href=\"https:\/\/scf.se\/mountainbike\/wp-content\/uploads\/sites\/6\/2019\/01\/F\u00f6rslag_nya-klasser-f\u00f6r-de-yngsta.pdf\">h\u00e4r<\/a>.\u00a0<\/em><\/p>\n<h3>Klassindelning &#8211; s<strong>t\u00f6rre utredning ska ha inletts f\u00f6r samtliga grenar<\/strong><\/h3>\n<p><em>Utredning ligger hos lvg i skrivande stund. Vi r\u00e4knar med att fr\u00e5gan blir aktuell inf\u00f6r 2020.<\/em><\/p>\n<h3>Banor\u00a0<strong>\u2013 Hur ska vi tackla sv\u00e5righeter p\u00e5 banorna med olika klasser och niv\u00e5er?<\/strong><\/h3>\n<p><em>o Grengruppen har f\u00f6rs\u00f6kt komma med ett skarpt f\u00f6rslag baserat p\u00e5 de mail och synpunkter som kommit in. Dock har det varit sv\u00e5rt att komma fram till en enad syn p\u00e5 hanteringen, \u00e4ven inifr\u00e5n grengruppen. D\u00e4rf\u00f6r har vi valt att trycka p\u00e5 3 ledord i hanteringen utav banor \u2013 Gl\u00e4dje, s\u00e4kerhet och utveckling. Dessutom inf\u00f6r vi \u201dMTB hinderprotokoll\u201d f\u00f6r de tillf\u00e4llen d\u00e5 \u00e5kare eller kommissarier upplever att ett hinder \u00e4r felbyggt eller farligt.\u00a0<\/em><em>L\u00e4s mer\u00a0<a href=\"https:\/\/scf.se\/mountainbike\/wp-content\/uploads\/sites\/6\/2019\/01\/Gl\u00e4dje-S\u00e4kerhet-Utveckling.pdf\">h\u00e4r<\/a>. N\u00e4sta steg i fr\u00e5gan kring banor \u00e4r att vi kommer bjuda in till diskussion om detta under grengruppstr\u00e4ffen vid XCO SM. D\u00e4r vill vi h\u00f6ra era synpunkter kring detta f\u00f6r att komma fram\u00e5t i fr\u00e5gan.<\/em><\/p>\n<h3>T\u00e4vlingsprogram &#8211; undvika kollissioner<\/h3>\n<p><em>Arbetet med att s\u00e4kerst\u00e4lla att kollisioner undviks har p\u00e5b\u00f6rjats internt i grengruppen. Dessutom har en koordinering inom \u201dNordic Cycling\u201d p\u00e5b\u00f6rjats. \u201dNordic Cycling\u201d \u00e4r ett nytt samarbete mellan de nordiska och baltiska l\u00e4nderna. Vi uppmanar arrang\u00f6rer till st\u00f6rre framf\u00f6rh\u00e5llning n\u00e4r det g\u00e4ller att l\u00e4gga in sina lopp i swecyclingonline, g\u00e4rna tv\u00e5 \u00e5r fram\u00e5t.<\/em><\/p>\n<h3>Sanktion\u00a0<strong>\u2013 hur g\u00e5r tillv\u00e4gag\u00e5ngs\u00e4ttet till?<\/strong><\/h3>\n<p><em>Intern grengruppsfr\u00e5ga.<\/em><\/p>\n<h3>Enklare hantering f\u00f6r att t\u00e4vla \u2013 licens, f\u00f6rening, med mera som f\u00f6rsv\u00e5rar<\/h3>\n<p><em>Ett f\u00f6rslag p\u00e5 enklare hantering kommer att presenteras under Q1 2019. Under arrang\u00f6rskonferensen kom ett f\u00f6rslag om att erbjuda f\u00e4rdiga \u201dstartpaket\u201d som inkluderar licens, UCI-ID, transponder, ev startnummer etc. Fortsatt utredning inom grengruppen och SCF sker f\u00f6r att f\u00f6renkla t\u00e4vlande.<\/em><\/p>\n<h3>Swecup sammanst\u00e4llning \u2013 hur och av vem?<\/h3>\n<p><em>Pga att swecyclingonline inte kunnat g\u00f6ra automatiska sammanst\u00e4llningar av v\u00e5ra cuper har detta gjorts manuellt, vilket \u00e4r tidskr\u00e4vande och dessutom st\u00e4ller krav b\u00e5de p\u00e5 arrang\u00f6rer och scf-personal. I dagsl\u00e4get tittar man p\u00e5 hur Danmark jobbar. Styrelserepresentanter och GS har bes\u00f6kt Danmark f\u00f6r att titta p\u00e5 deras system och vi v\u00e4ntar nu bes\u00f6k i Sverige f\u00f6r att de ska komma och kolla p\u00e5 hur det fungerar f\u00f6r oss idag och vad vi har f\u00f6r krav. Tillsvidare anser vi att det \u00e4r respektive arrang\u00f6r som sammanst\u00e4ller SWE Cup, ungdomscup samt mastercup efter sin t\u00e4vling. Detta beh\u00f6ver \u00e4nd\u00e5 g\u00f6ras f\u00f6r att kunna dela ut eventuella ledartr\u00f6jor p\u00e5 plats.<\/em><\/p>\n<h3>SM startlistor\u00a0<strong>\u00a0\u2013 n\u00e4r s\u00e4tter vi deadline f\u00f6r startordningen?<\/strong><\/h3>\n<p><em>SWE Cup arrang\u00f6rerna p\u00e5 plats best\u00e4mde att man vill ha sista anm\u00e4lningsdag f\u00f6r SWE Cup s\u00f6ndag veckan f\u00f6re t\u00e4vling kl 23.59 f\u00f6r att sedan g\u00f6ra seedning efter tisdagen d\u00e5 UCI uppdaterat rankingen. F\u00f6r SM g\u00e4ller sista anm\u00e4lningsdagen tisdagen 14 dagar f\u00f6re f\u00f6rsta t\u00e4vlingsdagen. Vi anser att detta datum \u00e4r l\u00e4mpligt f\u00f6r att s\u00e4tta deadline f\u00f6r startordningen. Observera att startlistor kan komma att publiceras senare.<\/em><\/p>\n<h3><strong>\u00c4ven motionslopp beh\u00f6ver l\u00e4gga in sina lopp i swecyclingonline<\/strong><\/h3>\n<p><em>Vi vill p\u00e5minna samtliga arrang\u00f6rer att l\u00e4gga in sina lopp i swecyclingonline. Detta \u00e4r det enda s\u00e4ttet att s\u00e4kerst\u00e4lla att loppet har sanktion, vilket g\u00f6r att \u00e5karna \u00e4r f\u00f6rs\u00e4krade genom sina licenser eller genom den f\u00f6rs\u00e4kring som SCF tillhandah\u00e5ller f\u00f6r motionsklasserna.<\/em><\/p>\n<h3>Masterklasser &#8211;\u00a0 s<strong>ka vi tills\u00e4tta 5-\u00e5rs intervall, med start fr\u00e5n 35?<\/strong><\/h3>\n<p><em>Detta diskuterades under arrang\u00f6rsm\u00f6tet men det besl\u00f6ts att vi v\u00e4ljer att titta vidare p\u00e5 detta under 2019 f\u00f6r att eventuellt lyfta fr\u00e5gan igen inf\u00f6r 2020.<\/em><\/p>\n<h3>Ungdomsklasser SM Marathon<\/h3>\n<p><em>M\u00f6tet var eniga om att inte inf\u00f6ra detta under 2019.<\/em><\/p>\n<h3>Ungdomsdispenser<\/h3>\n<p><em>M\u00f6tet var eniga om att inte ge n\u00e5gra dispenser till ungdomar under 16 \u00e5r.<\/em><\/p>\n<h3>Nyb\u00f6rjarklasser<\/h3>\n<p><em>L\u00e4s om ett\u00a0<a href=\"https:\/\/scf.se\/mountainbike\/wp-content\/uploads\/sites\/6\/2019\/01\/F\u00f6rslag_nya-klasser-f\u00f6r-de-yngsta.pdf\">nytt f\u00f6rslag\u00a0<\/a>kring hanteringen av nyb\u00f6rjarklasser.<\/em><\/p>\n<h3>SWE Cup\u00a0<strong>\u2013 po\u00e4ngr\u00e4kning, seedning, f\u00f6r etapplopp samt totalt. \u00c4ven ungdomar och masterklasser.<\/strong><\/h3>\n<p><em>Nytt s\u00e4tt att r\u00e4kna po\u00e4ng. Dessutom har det fattats beslut p\u00e5 att inf\u00f6ra lika prispengar i SWE Cup totalen. Mer info p\u00e5 SCF hemsida inom kort.<\/em><\/p>\n","protected":false},"excerpt":{"rendered":"<p>Grengrupp MTB XCO genomf\u00f6rde ett internt och externt m\u00f6te l\u00f6rdagen den 8\/12 i G\u00f6teborg. Nedan finns en sammanfattning p\u00e5 de svar som grengruppen har kommit fram till p\u00e5 respektive punkt som togs upp p\u00e5 m\u00f6tet. Fram till den 15\/1 vill vi ha in era synpunkter innan vi kommer att g\u00e5 vidare med implementeringen av<a href=\"https:\/\/scf.se\/mountainbike\/grengrupp-mountainbike\/grengruppsnytt-2019-01-03\/\" class=\"news-card__more\"> &#8230;<\/a><\/p>\n","protected":false},"author":2,"featured_media":0,"parent":819,"menu_order":0,"comment_status":"closed","ping_status":"closed","template":"","meta":{"_acf_changed":false,"footnotes":""},"class_list":["post-1384","page","type-page","status-publish","hentry"],"acf":[],"_links":{"self":[{"href":"https:\/\/scf.se\/mountainbike\/wp-json\/wp\/v2\/pages\/1384","targetHints":{"allow":["GET"]}}],"collection":[{"href":"https:\/\/scf.se\/mountainbike\/wp-json\/wp\/v2\/pages"}],"about":[{"href":"https:\/\/scf.se\/mountainbike\/wp-json\/wp\/v2\/types\/page"}],"author":[{"embeddable":true,"href":"https:\/\/scf.se\/mountainbike\/wp-json\/wp\/v2\/users\/2"}],"replies":[{"embeddable":true,"href":"https:\/\/scf.se\/mountainbike\/wp-json\/wp\/v2\/comments?post=1384"}],"version-history":[{"count":0,"href":"https:\/\/scf.se\/mountainbike\/wp-json\/wp\/v2\/pages\/1384\/revisions"}],"up":[{"embeddable":true,"href":"https:\/\/scf.se\/mountainbike\/wp-json\/wp\/v2\/pages\/819"}],"wp:attachment":[{"href":"https:\/\/scf.se\/mountainbike\/wp-json\/wp\/v2\/media?parent=1384"}],"curies":[{"name":"wp","href":"https:\/\/api.w.org\/{rel}","templated":true}]}}