
{"id":1374,"date":"2018-11-14T11:40:19","date_gmt":"2018-11-14T10:40:19","guid":{"rendered":"http:\/\/scf.se\/mountainbike\/?page_id=1374"},"modified":"2019-01-03T09:33:08","modified_gmt":"2019-01-03T08:33:08","slug":"14-nov-2018","status":"publish","type":"page","link":"https:\/\/scf.se\/mountainbike\/grengrupp-mountainbike\/14-nov-2018\/","title":{"rendered":"Grengruppsnytt 2018-11-14"},"content":{"rendered":"<p><em>Hej MTB Sverige!<\/em><\/p>\n<p><em>Den 8 december har grengruppen ett m\u00f6te d\u00e4r vi kommer att diskutera de f\u00f6rslag och \u00f6nskem\u00e5l som kommit in till gruppen under det g\u00e5ngna \u00e5ret. Ambitionen \u00e4r att diskutera och dissekera f\u00f6rslagen och \u00e5terkomma med en t\u00e4nkbar f\u00f6r\u00e4ndring i de fall vi tror det \u00e4r m\u00f6jligt. Vi kommer presentera grengruppens f\u00f6rslag senast tre veckor efter v\u00e5rt m\u00f6te, och d\u00e4refter vara \u00f6ppna f\u00f6r feedback och ytterligare aspekter som vi kanske inte tagit h\u00e4nsyn till i det presenterade f\u00f6rslaget i ytterligare tv\u00e5 veckor. D\u00e4refter avser vi att klubba igenom de f\u00f6rslag som presenterats, med eventuella justeringar som vi f\u00e5tt in.\u00a0Allts\u00e5:<\/em><\/p>\n<p><em><strong>14 november <\/strong>&#8211;\u00a0<\/em>Information om grengruppsm\u00f6tet utlyses med lista p\u00e5 inkomna punkter att diskutera<\/p>\n<ul>\n<li>Fasta nummerlappar<\/li>\n<li>P\/F 10-12<\/li>\n<li>P\/F 9-10 P\/F 11-12?<\/li>\n<li>Klassindelning \u2013 St\u00f6rre utredning ska ha inletts f\u00f6r samtliga grenar<\/li>\n<li>Banor \u2013 Hur ska vi tackla sv\u00e5righeter p\u00e5 banorna med olika klasser och niv\u00e5er?<\/li>\n<li>T\u00e4vlingsprogram \u2013 undvika kollisioner<\/li>\n<li>Sanktion \u2013 Hur g\u00e5r tillv\u00e4gag\u00e5ngs\u00e4ttet till?<\/li>\n<li>Enklare hantering f\u00f6r att t\u00e4vla \u2013 licens, f\u00f6rening, med mera som f\u00f6rsv\u00e5rar<br \/>\nSwecup sammanst\u00e4llning \u2013 hur och av vem?<\/li>\n<li>SM startlistor \u2013 N\u00e4r s\u00e4tter vi deadline f\u00f6r startordningen?<\/li>\n<li>\u00c4ven motionslopp beh\u00f6ver l\u00e4gga in sina lopp i swecyclingonline<\/li>\n<li>Masterklasser \u2013 Ska vi tills\u00e4tta 5-\u00e5rs intervall, med start fr\u00e5n 35? Tydligen ska cross g\u00f6ra detta.<\/li>\n<li>Ungdomsklasser SM Marathon<\/li>\n<li>Ungdomsdispenser<\/li>\n<li>Nyb\u00f6rjarklasser<\/li>\n<li>SWECUP \u2013 Po\u00e4ngr\u00e4kning, seedning, f\u00f6r Borl\u00e4nge samt totalt. \u00c4ven ungdomar och masterklasser.<\/li>\n<\/ul>\n<p><em><strong>2 december <\/strong>&#8211;\u00a0<\/em>Deadline f\u00f6r inkomna f\u00f6rslag samt synpunkter\/input p\u00e5 ovan punkter<\/p>\n<p><em><strong>8 december <\/strong>&#8211;\u00a0<\/em>Grengruppsm\u00f6tet genomf\u00f6rs<\/p>\n<p><em><strong>30 december &#8211;\u00a0<\/strong><\/em>Rapport fr\u00e5n m\u00f6tet med f\u00f6rslag p\u00e5 f\u00f6r\u00e4ndringar presenteras<\/p>\n<p><em><strong>15 januari &#8211;\u00a0<\/strong><\/em>Deadline f\u00f6r att inkomma med synpunkter\/feedback p\u00e5 grengruppens f\u00f6rslag<\/p>\n<p><em><strong>20 januari &#8211;\u00a0<\/strong><\/em>Genomf\u00f6rda f\u00f6r\u00e4ndringar presenteras<\/p>\n<p>Alla f\u00f6rslag och synpunkter mailas in till: <a href=\"mailto:mountainbike@scf.se\">mountainbike@scf.se<\/a><\/p>\n<p>\/\/grengrupp MTB<\/p>\n","protected":false},"excerpt":{"rendered":"<p>Hej MTB Sverige! Den 8 december har grengruppen ett m\u00f6te d\u00e4r vi kommer att diskutera de f\u00f6rslag och \u00f6nskem\u00e5l som kommit in till gruppen under det g\u00e5ngna \u00e5ret. Ambitionen \u00e4r att diskutera och dissekera f\u00f6rslagen och \u00e5terkomma med en t\u00e4nkbar f\u00f6r\u00e4ndring i de fall vi tror det \u00e4r m\u00f6jligt. Vi kommer presentera grengruppens f\u00f6rslag<a href=\"https:\/\/scf.se\/mountainbike\/grengrupp-mountainbike\/14-nov-2018\/\" class=\"news-card__more\"> &#8230;<\/a><\/p>\n","protected":false},"author":2,"featured_media":0,"parent":819,"menu_order":0,"comment_status":"closed","ping_status":"closed","template":"","meta":{"_acf_changed":false,"footnotes":""},"class_list":["post-1374","page","type-page","status-publish","hentry"],"acf":[],"_links":{"self":[{"href":"https:\/\/scf.se\/mountainbike\/wp-json\/wp\/v2\/pages\/1374","targetHints":{"allow":["GET"]}}],"collection":[{"href":"https:\/\/scf.se\/mountainbike\/wp-json\/wp\/v2\/pages"}],"about":[{"href":"https:\/\/scf.se\/mountainbike\/wp-json\/wp\/v2\/types\/page"}],"author":[{"embeddable":true,"href":"https:\/\/scf.se\/mountainbike\/wp-json\/wp\/v2\/users\/2"}],"replies":[{"embeddable":true,"href":"https:\/\/scf.se\/mountainbike\/wp-json\/wp\/v2\/comments?post=1374"}],"version-history":[{"count":0,"href":"https:\/\/scf.se\/mountainbike\/wp-json\/wp\/v2\/pages\/1374\/revisions"}],"up":[{"embeddable":true,"href":"https:\/\/scf.se\/mountainbike\/wp-json\/wp\/v2\/pages\/819"}],"wp:attachment":[{"href":"https:\/\/scf.se\/mountainbike\/wp-json\/wp\/v2\/media?parent=1374"}],"curies":[{"name":"wp","href":"https:\/\/api.w.org\/{rel}","templated":true}]}}