
{"id":823,"date":"2025-11-06T15:18:24","date_gmt":"2025-11-06T14:18:24","guid":{"rendered":"https:\/\/scf.se\/gravel\/?page_id=823"},"modified":"2026-03-10T17:17:23","modified_gmt":"2026-03-10T16:17:23","slug":"gravel-landslagsverksamhet","status":"publish","type":"page","link":"https:\/\/scf.se\/gravel\/gravel-landslagsverksamhet\/","title":{"rendered":"Gravel landslagsverksamhet"},"content":{"rendered":"<h3>VM Elit och AG<\/h3>\n<p>Gravel VM k\u00f6rs \u00e5rligen f\u00f6r Elit och Age Group (AG). I b\u00e5de Elit och AG kvalificerar sig cyklisterna sj\u00e4lva till VM. Kvalificering sker genom resultat i Gravel Worlds Series delt\u00e4vlingarna, vid EM eller vid seger i de nationella m\u00e4sterskapen (SM). Elitcyklister har ocks\u00e5 m\u00f6jlighet att f\u00e5 ett wild card av sitt f\u00f6rbund. Elitcyklister som kvalificerat sig till VM f\u00e5r i regel landslagskl\u00e4der, utrustning och kan komma att bli erbjudna ett ekonomiskt bidrag n\u00e4r de meddelar att de avser k\u00f6ra VM. AG cyklister som kvalificerat sig till VM har m\u00f6jlighet att k\u00f6ra i SCF:s supporterkl\u00e4der som \u00e4r av samma design som landslagskl\u00e4derna, men har Sverige ist\u00e4llet f\u00f6r Sweden p\u00e5 kl\u00e4derna. Dessa k\u00f6per man i SCF:s webbshop som finns h\u00e4r: <a href=\"https:\/\/scf.sportmerch.se\/product-category\/cykelklader\/\">Cykelkl\u00e4der \u2013 Svenska Cykelf\u00f6rbundet<\/a>\u00a0. Webbshopen fylls i regel p\u00e5 1-2 g\u00e5nger per \u00e5r. AG deltagare \u00e4r inte tvungna att ha supporterkollektionen, det r\u00e4cker med att man har kl\u00e4der som tydligt visar vilket land man representerar. Anm\u00e4lan och information f\u00f6r kvalificerade AG-cyklisterna kommer direkt fr\u00e5n arrang\u00f6ren och UCI till cyklisten.<\/p>\n<h3>EM Elit och AG<\/h3>\n<p>Gravel EM k\u00f6rs \u00e5rligen f\u00f6r Elit och Age Group (AG). Gravel EM kan i regel vem som helst anm\u00e4la sig till och man beh\u00f6ver inte k\u00f6ra i nationskl\u00e4der. F\u00f6r att ing\u00e5 i EM resultatlistan beh\u00f6ver deltagaren ha europeiskt medborgarskap. Elitcyklister som kvalificerat sig till VM har ibland f\u00e5tt m\u00f6jlighet att \u00e4ven representera Sverige vid EM. Anm\u00e4lan och information inf\u00f6r gravel EM till Elit och AG kommer direkt fr\u00e5n arrang\u00f6ren och UEC.<\/p>\n","protected":false},"excerpt":{"rendered":"<p>VM Elit och AG Gravel VM k\u00f6rs \u00e5rligen f\u00f6r Elit och Age Group (AG). I b\u00e5de Elit och AG kvalificerar sig cyklisterna sj\u00e4lva till VM. Kvalificering sker genom resultat i Gravel Worlds Series delt\u00e4vlingarna, vid EM eller vid seger i de nationella m\u00e4sterskapen (SM). Elitcyklister har ocks\u00e5 m\u00f6jlighet att f\u00e5 ett wild card av<a href=\"https:\/\/scf.se\/gravel\/gravel-landslagsverksamhet\/\" class=\"news-card__more\"> &#8230;<\/a><\/p>\n","protected":false},"author":30,"featured_media":0,"parent":0,"menu_order":0,"comment_status":"closed","ping_status":"closed","template":"","meta":{"_acf_changed":false,"footnotes":""},"class_list":["post-823","page","type-page","status-publish","hentry"],"acf":[],"_links":{"self":[{"href":"https:\/\/scf.se\/gravel\/wp-json\/wp\/v2\/pages\/823","targetHints":{"allow":["GET"]}}],"collection":[{"href":"https:\/\/scf.se\/gravel\/wp-json\/wp\/v2\/pages"}],"about":[{"href":"https:\/\/scf.se\/gravel\/wp-json\/wp\/v2\/types\/page"}],"author":[{"embeddable":true,"href":"https:\/\/scf.se\/gravel\/wp-json\/wp\/v2\/users\/30"}],"replies":[{"embeddable":true,"href":"https:\/\/scf.se\/gravel\/wp-json\/wp\/v2\/comments?post=823"}],"version-history":[{"count":6,"href":"https:\/\/scf.se\/gravel\/wp-json\/wp\/v2\/pages\/823\/revisions"}],"predecessor-version":[{"id":871,"href":"https:\/\/scf.se\/gravel\/wp-json\/wp\/v2\/pages\/823\/revisions\/871"}],"wp:attachment":[{"href":"https:\/\/scf.se\/gravel\/wp-json\/wp\/v2\/media?parent=823"}],"curies":[{"name":"wp","href":"https:\/\/api.w.org\/{rel}","templated":true}]}}