
{"id":8069,"date":"2025-06-14T15:17:40","date_gmt":"2025-06-14T13:17:40","guid":{"rendered":"https:\/\/scf.se\/forbundet\/?page_id=8069"},"modified":"2025-09-10T11:20:59","modified_gmt":"2025-09-10T09:20:59","slug":"scfs-policy-for-transpersoner","status":"publish","type":"page","link":"https:\/\/scf.se\/forbundet\/scfs-policy-for-transpersoner\/","title":{"rendered":"SCF:s policy f\u00f6r transpersoner"},"content":{"rendered":"<p><strong>Svenska Cykelf\u00f6rbundet har antagit en policy f\u00f6r cyklister med transerfarenhet.<\/strong><br \/>\nSvenska Cykelf\u00f6rbundets uppdrag \u00e4r att bedriva en verksamhet fri fr\u00e5n diskriminering och som \u00e4r \u00f6ppen f\u00f6r alla. Det g\u00f6r vi bland annat genom att skapa f\u00f6ruts\u00e4ttningar f\u00f6r delaktighet. Vi arbetar f\u00f6r att bedriva en verksamhet som pr\u00e4glas av trygghet, gl\u00e4dje, gemenskap och \u00f6ppenhet. Vi vet att en cykelsport fri fr\u00e5n diskriminering \u00e4r en f\u00f6ruts\u00e4ttning f\u00f6r att fler ska hitta, delta i och stanna kvar i inom sporten. F\u00f6r f\u00f6reningar och idrottsledare \u00e4r bem\u00f6tande, spr\u00e5k och arbete kring detta avg\u00f6rande f\u00f6r att policyn ska fungera i praktiken.<\/p>\n<p><strong>Dessa ber\u00f6rs.<\/strong><br \/>\nSvenska Cykelf\u00f6rbundets policy g\u00e4ller alla personer med transerfarenhet som vill h\u00e5lla p\u00e5 med att t\u00e4vla p\u00e5 cykel. Policyn appliceras p\u00e5 samtliga grenar och \u00e5ldrar. En \u00f6vergripande term f\u00f6r transpersoner \u00e4r att k\u00f6nsidentiteten och\/eller k\u00f6nsuttrycket inte st\u00e4mmer med det juridiska k\u00f6n som tilldelats vid f\u00f6dseln. I motsats till cispersoner d\u00e4r k\u00f6nsidentitet st\u00e4mmer \u00f6verens med \u00f6vriga definitioner av k\u00f6n.<\/p>\n<p><strong>Detta g\u00e4ller f\u00f6r barn.<\/strong><br \/>\nDu som \u00e4r yngre \u00e4n 17 \u00e5r och har transerfarenhet tr\u00e4nar cykel p\u00e5 samma villkor som cispersoner. Du ska inte diskrimineras p\u00e5 n\u00e5got s\u00e4tt. Du m\u00e5ste inte heller ber\u00e4tta f\u00f6r n\u00e5gon om din transerfarenhet om du inte vill.<\/p>\n<p>I t\u00e4vlingsklasser f\u00f6r ungdomar 11\u201316 \u00e5r till\u00e4mpas endast Svenska Cykelf\u00f6rbundets nationella regelverk. Det inneb\u00e4r att alla barn och unga som anm\u00e4ler sig till t\u00e4vlingar avsedda f\u00f6r barn och ungdomar 11\u201316 \u00e5r kan v\u00e4lja att delta i klass f\u00f6r pojkar eller flickor utifr\u00e5n k\u00f6nsidentitet.<\/p>\n<p>T\u00e4vling som \u00e4r avsedd f\u00f6r barn som \u00e4r 11 \u00e5r eller yngre beh\u00f6ver inte delas in i flick- och pojkklass.<\/p>\n<p>Om du vill kan du ans\u00f6ka om ett t\u00e4vlingsintyg som styrker din r\u00e4tt att delta. Detta intyg \u00e4r valfritt och du ans\u00f6ker hos Svenska Cykelf\u00f6rbundets kansli.<\/p>\n<p><strong>Frivilliga t\u00e4vlingsintyg.<\/strong><br \/>\nEtt t\u00e4vlingsintyg utf\u00e4rdas i syfte att bekr\u00e4fta en persons r\u00e4tt att delta i t\u00e4vlingsklass P\/F 11\u201316 eller som motionscyklister i l\u00e5nglopp baserat p\u00e5 upplevt k\u00f6n. T\u00e4vlingsintyget ska verka till st\u00f6d f\u00f6r cyklister med transerfarenhet. Ans\u00f6kan om t\u00e4vlingsintyg g\u00f6rs hos Svensk Cykelf\u00f6rbundet och intyget \u00e4r giltigt under innevarande t\u00e4vlings\u00e5r (1 december \u2013 30 november). Ett t\u00e4vlingsintyg \u00e4r frivilligt.<\/p>\n<p><strong>Om man \u00e4r 17 \u00e5r eller \u00e4ldre, vad g\u00e4ller?<\/strong><br \/>\nF\u00f6r cyklister med transerfarenhet som vill t\u00e4vla fr\u00e5n och med det \u00e5r de fyller 17 \u00e5r ser hanteringen av t\u00e4vlingstillst\u00e5nd olika ut beroende p\u00e5 vilken typ av t\u00e4vling cyklisten vill delta i.<\/p>\n<hr \/>\n<ul>\n<li>F\u00f6r den som vill delta i\u00a0<strong>UCI-rankade t\u00e4vlingar<\/strong>\u00a0(seniorklass eller juniorklass) och\/eller\u00a0<strong>VM-\/EM-t\u00e4vlingar f\u00f6r veteraner<\/strong> ska ans\u00f6kan om t\u00e4vlingstillst\u00e5nd skickas till UCI. Detta g\u00e4ller \u00e4ven v\u00e5ra SM t\u00e4vlingar d\u00e4r UCI-po\u00e4ng utdelas. Information om detta kan man h\u00e4mta p\u00e5 UCI.org och s\u00f6k p\u00e5 transgender.<\/li>\n<\/ul>\n<hr \/>\n<ul>\n<li>F\u00f6r den som vill delta i t\u00e4vlingar f\u00f6r seniorer, juniorer eller veteraner\u00a0<strong>som inte har UCI-status<\/strong> ska ans\u00f6kan om t\u00e4vlingstillst\u00e5nd skickas till Svenska Cykelf\u00f6rbundets kansli. R\u00e4tten att delta i s\u00e5dana t\u00e4vlingar f\u00f6ruts\u00e4tter att man har en giltig t\u00e4vlingslicens. T\u00e4vlingstillst\u00e5ndet handl\u00e4ggs inom 30 dagar och \u00e4r giltigt under det t\u00e4vlings\u00e5r (1 december \u201330 november) som det utf\u00e4rdas. T\u00e4vlingstillst\u00e5nd kan f\u00f6rl\u00e4ngas med ett t\u00e4vlings\u00e5r i taget f\u00f6rutsatt att ans\u00f6kan om f\u00f6rl\u00e4ngning skickas in senast den 1 november. Den som ans\u00f6ker om t\u00e4vlingstillst\u00e5nd ansvarar f\u00f6r att ans\u00f6kan och bilagor som verifierar de medicinska kraven som skickas in \u00e4r korrekta. F\u00f6r t\u00e4vlande i veteranklass g\u00e4ller denna typ av t\u00e4vlingstillst\u00e5nd f\u00f6r sanktionerade t\u00e4vlingar i Sverige och SM-t\u00e4vlingar. F\u00f6r de veteraner som \u00f6nskar delta i VM- eller EM-t\u00e4vlingar g\u00e4ller att man s\u00f6ker t\u00e4vlingstillst\u00e5nd hos UCI. Ans\u00f6kan beh\u00f6ver inneh\u00e5lla f\u00f6ljande uppgifter:<\/li>\n<\/ul>\n<ul>\n<li><strong>F\u00f6r transman<\/strong>:\u00a0Ans\u00f6kan ska omfatta namn, f\u00f6delse\u00e5r och f\u00f6reningstillh\u00f6righet.<\/li>\n<li><strong>F\u00f6r transkvinna<\/strong>: Ans\u00f6kan ska omfatta namn, f\u00f6delse\u00e5r och f\u00f6reningstillh\u00f6righet samt inneh\u00e5lla dokumentation som visar att testosteronhalten i blodserum under den senaste 12-m\u00e5nadersperioden har varit l\u00e4gre \u00e4n 5 nmol per liter. Vid ans\u00f6kan om f\u00f6rl\u00e4ngning av t\u00e4vlingstillst\u00e5nd ska dokumentation som visar att blodtestosteronniv\u00e5erna bibeh\u00e5llits p\u00e5 en niv\u00e5 under 5 nmol\/liter bifogas. Varje ans\u00f6kan samt beslut om t\u00e4vlingstillst\u00e5nd sker utifr\u00e5n en individuell bed\u00f6mning. Svensk Cykelf\u00f6rbundet f\u00f6rbeh\u00e5ller sig r\u00e4tten att \u00e5terkalla ett utf\u00e4rdat t\u00e4vlingstillst\u00e5nd.<\/li>\n<\/ul>\n<hr \/>\n<p><strong>Hur f\u00f6rnyar jag mitt t\u00e4vlingstillst\u00e5nd.<\/strong><br \/>\nF\u00f6r den som redan har ett t\u00e4vlingstillst\u00e5nd och vill f\u00f6rnya det ska ans\u00f6kan skickas in senast 1 november.<\/p>\n<p><strong>Hur vi inom SCF ser p\u00e5 inkludering kontra sportslig r\u00e4ttvisa?<\/strong><br \/>\nGrunden till policyn \u00e4r att alla ska kunna vara med i v\u00e5r cykelfamilj. Det \u00e4r d\u00e4rf\u00f6r endast p\u00e5 t\u00e4vlingsklasser f\u00f6r aktiva 17 \u00e5r och \u00e4ldre som begr\u00e4nsningar f\u00f6r personer med transerfarenhet f\u00f6religger. D\u00e4r f\u00f6ljer Svenska Cykelf\u00f6rbundet de rekommendationer och riktlinjer som \u00e4r uppsatta av det internationella cykelf\u00f6rbundet. Riktlinjerna \u00e4r utformade efter den forskning som finns tillg\u00e4nglig, \u00e4ven om det i nul\u00e4get finns begr\u00e4nsad evidens p\u00e5 omr\u00e5det. V\u00e5r f\u00f6rhoppning \u00e4r att riktlinjerna ska m\u00f6jligg\u00f6ra en meningsfull t\u00e4vlingsverksamhet f\u00f6r alla v\u00e5ra aktiva.<\/p>\n<p>T\u00e4vlingstillf\u00e4llet ska vara en m\u00f6jlighet f\u00f6r alla att kunna k\u00e4nna delaktighet, att m\u00e4ta utvecklingen mot de egna m\u00e5ls\u00e4ttningarna och att dela den upplevelsen med andra. Detta \u00e4r viktigt f\u00f6r att alla ska kunna k\u00e4nna gl\u00e4djen i att forts\u00e4tta med cykel och f\u00e5 vara en del av gemenskapen.<\/p>\n","protected":false},"excerpt":{"rendered":"<p>Svenska Cykelf\u00f6rbundet har antagit en policy f\u00f6r cyklister med transerfarenhet. Svenska Cykelf\u00f6rbundets uppdrag \u00e4r att bedriva en verksamhet fri fr\u00e5n diskriminering och som \u00e4r \u00f6ppen f\u00f6r alla. Det g\u00f6r vi bland annat genom att skapa f\u00f6ruts\u00e4ttningar f\u00f6r delaktighet. Vi arbetar f\u00f6r att bedriva en verksamhet som pr\u00e4glas av trygghet, gl\u00e4dje, gemenskap och \u00f6ppenhet. Vi<a href=\"https:\/\/scf.se\/forbundet\/scfs-policy-for-transpersoner\/\" class=\"news-card__more\"> &#8230;<\/a><\/p>\n","protected":false},"author":30,"featured_media":0,"parent":0,"menu_order":0,"comment_status":"closed","ping_status":"closed","template":"","meta":{"_acf_changed":false,"footnotes":""},"class_list":["post-8069","page","type-page","status-publish","hentry"],"acf":[],"_links":{"self":[{"href":"https:\/\/scf.se\/forbundet\/wp-json\/wp\/v2\/pages\/8069","targetHints":{"allow":["GET"]}}],"collection":[{"href":"https:\/\/scf.se\/forbundet\/wp-json\/wp\/v2\/pages"}],"about":[{"href":"https:\/\/scf.se\/forbundet\/wp-json\/wp\/v2\/types\/page"}],"author":[{"embeddable":true,"href":"https:\/\/scf.se\/forbundet\/wp-json\/wp\/v2\/users\/30"}],"replies":[{"embeddable":true,"href":"https:\/\/scf.se\/forbundet\/wp-json\/wp\/v2\/comments?post=8069"}],"version-history":[{"count":6,"href":"https:\/\/scf.se\/forbundet\/wp-json\/wp\/v2\/pages\/8069\/revisions"}],"predecessor-version":[{"id":10879,"href":"https:\/\/scf.se\/forbundet\/wp-json\/wp\/v2\/pages\/8069\/revisions\/10879"}],"wp:attachment":[{"href":"https:\/\/scf.se\/forbundet\/wp-json\/wp\/v2\/media?parent=8069"}],"curies":[{"name":"wp","href":"https:\/\/api.w.org\/{rel}","templated":true}]}}