
{"id":7459,"date":"2024-04-18T12:04:31","date_gmt":"2024-04-18T10:04:31","guid":{"rendered":"https:\/\/scf.se\/forbundet\/?page_id=7459"},"modified":"2024-05-29T10:25:49","modified_gmt":"2024-05-29T08:25:49","slug":"distriktsforbunden","status":"publish","type":"page","link":"https:\/\/scf.se\/forbundet\/distriktsforbunden\/","title":{"rendered":"Distriktsf\u00f6rbunden"},"content":{"rendered":"<p>H\u00e4r hittar du distriktens egna f\u00f6rbundssidor:<\/p>\n<ul>\n<li><a href=\"https:\/\/scf.se\/bohuslan-dals\/\">Bohusl\u00e4n-Dals Cykelf\u00f6rbund<\/a><\/li>\n<li><a href=\"https:\/\/scf.se\/distrikt-dalarna\/\">Dalarnas Cykelf\u00f6rbund<\/a><\/li>\n<li><a href=\"https:\/\/scf.se\/gastrikland\/\">G\u00e4striklands Cykelf\u00f6rbund<\/a><\/li>\n<li><a href=\"http:\/\/www.goteborgcykel.se\/\">G\u00f6teborgs Cykelf\u00f6rbund<\/a><\/li>\n<li><a href=\"https:\/\/scf.se\/distrikt-halland\/\">Hallands Cykelf\u00f6rbund<\/a><\/li>\n<li><a href=\"https:\/\/www.rf.se\/om-riksidrottsforbundet\/hitta-inom-idrottsrorelsen\">H\u00e4lsinglands Cykelf\u00f6rbund<\/a><\/li>\n<li><a href=\"https:\/\/www.rf.se\/om-riksidrottsforbundet\/hitta-inom-idrottsrorelsen\">J\u00e4mtland-H\u00e4rjedalens Cykelf\u00f6rbund<\/a><\/li>\n<li><a href=\"https:\/\/www.rf.se\/om-riksidrottsforbundet\/hitta-inom-idrottsrorelsen\" target=\"_blank\" rel=\"noopener noreferrer\">Norrbottens Cykelf\u00f6rbund<\/a><\/li>\n<li><a href=\"http:\/\/www.skanecykel.se\" target=\"_blank\" rel=\"noopener noreferrer\">Sk\u00e5nes Cykelf\u00f6rbund<\/a><\/li>\n<li><a href=\"https:\/\/www.facebook.com\/Smalandscf\/?locale=sv_SE\" target=\"_blank\" rel=\"noopener noreferrer\">Sm\u00e5lands Cykelf\u00f6rbund<\/a><\/li>\n<li><a href=\"https:\/\/scf.se\/distrikt-stockholm\/\">Stockholms Cykelf\u00f6rbund<\/a><\/li>\n<li><a href=\"https:\/\/scf.se\/sodermanland\" target=\"_blank\" rel=\"noopener noreferrer\">S\u00f6dermanlands Cykelf\u00f6rbund<\/a><\/li>\n<li><a href=\"https:\/\/scf.se\/distrikt-uppland\/\">Upplands Cykelf\u00f6rbund<\/a><\/li>\n<li><a href=\"https:\/\/scf.se\/distrikt-varmland\/\">V\u00e4rmlands Cykelf\u00f6rbund<\/a><\/li>\n<li><a href=\"https:\/\/scf.se\/vasterbottens-cykelforbund\/\">V\u00e4sterbottens Cykelf\u00f6rbund<\/a><\/li>\n<li><a href=\"https:\/\/vcf.nu\/\">V\u00e4sterg\u00f6tlands Cykelf\u00f6rbund<\/a><\/li>\n<li><a href=\"https:\/\/www.rf.se\/om-riksidrottsforbundet\/hitta-inom-idrottsrorelsen\">V\u00e4sternorrlands Cykelf\u00f6rbund<\/a><\/li>\n<li><a href=\"https:\/\/scf.se\/distrikt-vastmanland\/\">V\u00e4stmanlands Cykelf\u00f6rbund<\/a><\/li>\n<li><a href=\"https:\/\/scf.se\/orebro-lans-cykelforbund\/\">\u00d6rebro L\u00e4ns Cykelf\u00f6rbund<\/a><\/li>\n<li><a href=\"https:\/\/scf.se\/ostergotland\/\">\u00d6sterg\u00f6tlands Cykelf\u00f6rbund<\/a><\/li>\n<\/ul>\n<h4>RF-SISU<\/h4>\n<p>Riksidrottsf\u00f6rbundets 19 RF-SISU distrikt ska f\u00f6retr\u00e4da, st\u00f6dja och samordna idrottsr\u00f6relsens gemensamma fr\u00e5gor regionalt och lokalt samt verka f\u00f6r och bidra till idrottens utveckling genom folkbildning och utbildning. Vill du komma i kontakt med just ert lokala RF-SISU distrikt, klicka h\u00e4r f\u00f6r kontaktuppgifter: <a href=\"https:\/\/www.rf.se\/om-riksidrottsforbundet\/kontakt\/vara-distrikt\">V\u00e5ra distrikt &#8211; Riksidrottsf\u00f6rbundet (rf.se)<\/a><\/p>\n","protected":false},"excerpt":{"rendered":"<p>H\u00e4r hittar du distriktens egna f\u00f6rbundssidor: Bohusl\u00e4n-Dals Cykelf\u00f6rbund Dalarnas Cykelf\u00f6rbund G\u00e4striklands Cykelf\u00f6rbund G\u00f6teborgs Cykelf\u00f6rbund Hallands Cykelf\u00f6rbund H\u00e4lsinglands Cykelf\u00f6rbund J\u00e4mtland-H\u00e4rjedalens Cykelf\u00f6rbund Norrbottens Cykelf\u00f6rbund Sk\u00e5nes Cykelf\u00f6rbund Sm\u00e5lands Cykelf\u00f6rbund Stockholms Cykelf\u00f6rbund S\u00f6dermanlands Cykelf\u00f6rbund Upplands Cykelf\u00f6rbund V\u00e4rmlands Cykelf\u00f6rbund V\u00e4sterbottens Cykelf\u00f6rbund V\u00e4sterg\u00f6tlands Cykelf\u00f6rbund V\u00e4sternorrlands Cykelf\u00f6rbund V\u00e4stmanlands Cykelf\u00f6rbund \u00d6rebro L\u00e4ns Cykelf\u00f6rbund \u00d6sterg\u00f6tlands Cykelf\u00f6rbund RF-SISU Riksidrottsf\u00f6rbundets 19 RF-SISU distrikt ska f\u00f6retr\u00e4da,<a href=\"https:\/\/scf.se\/forbundet\/distriktsforbunden\/\" class=\"news-card__more\"> &#8230;<\/a><\/p>\n","protected":false},"author":30,"featured_media":0,"parent":0,"menu_order":0,"comment_status":"closed","ping_status":"closed","template":"","meta":{"_acf_changed":false,"footnotes":""},"class_list":["post-7459","page","type-page","status-publish","hentry"],"acf":[],"_links":{"self":[{"href":"https:\/\/scf.se\/forbundet\/wp-json\/wp\/v2\/pages\/7459","targetHints":{"allow":["GET"]}}],"collection":[{"href":"https:\/\/scf.se\/forbundet\/wp-json\/wp\/v2\/pages"}],"about":[{"href":"https:\/\/scf.se\/forbundet\/wp-json\/wp\/v2\/types\/page"}],"author":[{"embeddable":true,"href":"https:\/\/scf.se\/forbundet\/wp-json\/wp\/v2\/users\/30"}],"replies":[{"embeddable":true,"href":"https:\/\/scf.se\/forbundet\/wp-json\/wp\/v2\/comments?post=7459"}],"version-history":[{"count":13,"href":"https:\/\/scf.se\/forbundet\/wp-json\/wp\/v2\/pages\/7459\/revisions"}],"predecessor-version":[{"id":7855,"href":"https:\/\/scf.se\/forbundet\/wp-json\/wp\/v2\/pages\/7459\/revisions\/7855"}],"wp:attachment":[{"href":"https:\/\/scf.se\/forbundet\/wp-json\/wp\/v2\/media?parent=7459"}],"curies":[{"name":"wp","href":"https:\/\/api.w.org\/{rel}","templated":true}]}}