
{"id":64,"date":"2025-12-01T07:30:09","date_gmt":"2025-12-01T06:30:09","guid":{"rendered":"http:\/\/svenskcykel.grandpublic.se\/forbundet\/?page_id=64"},"modified":"2026-02-06T12:22:20","modified_gmt":"2026-02-06T11:22:20","slug":"arrangera-tavling","status":"publish","type":"page","link":"https:\/\/scf.se\/forbundet\/tavlingsverksamhet\/arrangera-tavling\/","title":{"rendered":"Arrangera t\u00e4vling &#8211; steg 1,2,3"},"content":{"rendered":"<h3><em>(Dokumentsamlingen \u00e4r under uppdatering)<\/em><\/h3>\n<h3>F\u00f6rberedelserna steg 1.<\/h3>\n<h4>Startorganisationen<\/h4>\n<p>N\u00e4r ni g\u00e5r i tankarna att arrangera en t\u00e4vling \u00e4r det bra att veta att man inte \u00e4r sj\u00e4lv. Hela t\u00e4vlingsorganisationen beh\u00f6ver inte vara satt direkt vid uppstarten, men ni b\u00f6r koll p\u00e5 att det finns ideell arbetskraft i er n\u00e4rhet, d\u00e4refter \u00e4r det bara att k\u00f6ra ig\u00e5ng!<\/p>\n<h4>Vilken gren, disciplin och klass ska det vara?<\/h4>\n<p>N\u00e4r ni best\u00e4mt vilken gren det g\u00e4ller, b\u00f6r ni ha koll p\u00e5 vad t\u00e4vlingsreglerna s\u00e4ger f\u00f6r respektive gren. Titta d\u00e4rf\u00f6r igenom t\u00e4vlingsreglerna och har ni redan h\u00e4r grenspecifika fr\u00e5gor g\u00e4llande er t\u00e4vling, <a href=\"https:\/\/scf.se\/forbundet\/om-forbundet\/grengrupper-och-kommitteer\/\">kontakta er grengrupp<\/a>.<\/p>\n<h4>F\u00f6r vem \u00e4r t\u00e4vlingen?<\/h4>\n<ul>\n<li>Lokala \u00e5kare fr\u00e5n\u00a0den liggande f\u00f6reningar?\u00a0Klubbt\u00e4vling\/tr\u00e4ningst\u00e4vling.<\/li>\n<li>\u00c5kare fr\u00e5n klubbarna i distriktet samt angr\u00e4nsande distrikt?\u00a0Distriktst\u00e4vling<\/li>\n<li>\u00c5kare fr\u00e5n hela Sverige?\u00a0Nationell t\u00e4vling<\/li>\n<li>M\u00e4sterskap och Swe cup? L\u00e4s g\u00e4rna igenom dokumentet \u201dF\u00f6ruts\u00e4ttningar Instruktioner SM och SWE Cup\u201d (se l\u00e4nksamling l\u00e4ngst ner p\u00e5 sidan). Kontakta \u00e4ven er specifika grengrupp st\u00f6d och hj\u00e4lp.<\/li>\n<li>UCI-sanktionerad t\u00e4vling? Kontakta den aktuella grengruppen samt t\u00e4vlingsansvarig p\u00e5 f\u00f6rbundet f\u00f6r dokument och deadlines.<\/li>\n<\/ul>\n<h4>T\u00e4vlingskalendern<\/h4>\n<p>N\u00e4r du har best\u00e4mt ovan\u00a0\u00e4r det dags att\u00a0l\u00e4gga upp t\u00e4vlingen i den nationella t\u00e4vlingskalendern, SweCyclingOnline. I och med att du l\u00e4gger upp t\u00e4vlingen blir den publik och du kan\u00a0ans\u00f6ka om sanktion\u00a0hos Svenska Cykelf\u00f6rbundet, du kan uppdatera arrangemanget vid senare tillf\u00e4lle. G\u00f6r detta s\u00e5 tidigt som m\u00f6jligt! \u00a0L\u00e4gg upp t\u00e4vlingen i t\u00e4vlingskalendern och ans\u00f6k om sanktion. <em><strong>Syns du s\u00e5 finns du!\u00a0<\/strong><\/em><\/p>\n<h3>F\u00f6rberedelser steg 2.<\/h3>\n<h4>Bygg en organisation<\/h4>\n<p>Beroende p\u00e5 hur avancerad t\u00e4vlingen ska vara, banans omfattning och hur erfaren organisationen \u00e4r beh\u00f6ver man s\u00e4tta ihop en t\u00e4vlingsorganisation. V\u00e4nta inte med att\u00a0tills\u00e4tta er t\u00e4vlingsorganisation\u00a0\u00e4ven om arrangemanget k\u00e4nns avl\u00e4gset.\u00a0Minimum \u00e4r att tills\u00e4tta en t\u00e4vlingsledare, banchef, tidtagningsansvarig, sjukv\u00e5rdsansvarig.\u00a0Kommissarie\u00a0tilldelas i samband med sanktioneringen.<br \/>\n<a href=\"https:\/\/scf.se\/forbundet\/tavlingsorganisation\/\">Vilka roller beh\u00f6vs i\u00a0organisationen?<\/a><\/p>\n<h4>G\u00f6r en handlingsplan<\/h4>\n<p>Bygg er handlingsplan, det kan fungera som ett st\u00f6d i kommande arbete inf\u00f6r t\u00e4vlingsdagen, att ni f\u00e5r mer er samtliga punkter. Diskutera igenom en\u00a0gemensam ambition\u00a0i organisationen och f\u00f6rdela ansvarsomr\u00e5den.\u00a0Uppr\u00e4tta rollbeskrivningar.\u00a0Det kan k\u00e4nnas som ett on\u00f6digt extraarbete, men erfarenheterna visar att risken\u00a0f\u00f6r dubbelarbete eller att arbetsuppgifter gl\u00f6ms bort minskar rej\u00e4lt.<\/p>\n<p>Vissa f\u00f6rberedelser, bland annat tillst\u00e5ndss\u00f6kning och planering av ekonomi samt PR-verksamhet, b\u00f6r komma ig\u00e5ng s\u00e5 snart som m\u00f6jligt.<\/p>\n<p>Tillst\u00e5ndsans\u00f6kningar m\u00e5ste vara inne hos l\u00e4nsstyrelsen senast 4 m\u00e5nader innan arrangemangets datum. Se tidslinjen f\u00f6r viktiga datum<\/p>\n<p>Vid varje sammankomst inom t\u00e4vlingsledningen b\u00f6r\u00a0ansvars- och tidsplaner\u00a0g\u00e5s igenom. Det \u00e4r ett effektivt s\u00e4tt att kontrollera att ingen arbetsuppgift blir bortgl\u00f6md eller sl\u00e4par efter.<\/p>\n<p>Handplocka de olika ansvariga! Se till att f\u00e5 en bra blandning ur ett s\u00e5 v\u00e4l j\u00e4mst\u00e4llt som j\u00e4mlikt perspektiv. G\u00e5 utanf\u00f6r dina invanda cirklar och st\u00e4ll specifika fr\u00e5gor. \u201dKan du ansvara f\u00f6r x? Det inneh\u00e5ller y och z\u201d<\/p>\n<h3>F\u00f6rberedelser steg 3.<\/h3>\n<p><span style=\"color: #808080;\"><em>H\u00e4r har vi t\u00e4nkt oss en checklista p\u00e5 vad som beh\u00f6vs g\u00f6ras innan t\u00e4vling, g\u00e4rna grenspecifika checklistor. Vi har inte detta p\u00e5 plats \u00e4nnu, men tar g\u00e4rna emot tips och input p\u00e5 detta fr\u00e5n er som redan arrangerat t\u00e4vling. En kontakt med er skulle uppskattas enormt, s\u00e5\u00a0ring oss g\u00e4rna!<\/em><\/span><\/p>\n<p><strong>Uppdatera er t\u00e4vling i <a href=\"https:\/\/www.swecyclingonline.se\/\">Swecyclingonline<\/a> (SCOL)<\/strong>. Innan anm\u00e4lningstiden \u00f6ppnar m\u00e5ste ni ha best\u00e4mt er huruvida anm\u00e4lningsprocessen samt betalning ska ske. Se d\u00e4rf\u00f6r till att er t\u00e4vling eller motionslopp har r\u00e4tt information inlagt i SCOL.<\/p>\n<p>Som SCF-ansluten f\u00f6rening har du tillg\u00e5ng till anm\u00e4lningssystem inklusive betaltj\u00e4nst fr\u00e5n Sportstiming. Kontakta SCF kansli om ni har fr\u00e5gor kring detta. Systemet har ocks\u00e5 inbyggd licenskontroll och m\u00f6jlighet att exportera startlistor direkt fr\u00e5n anm\u00e4lningslistan.<br \/>\nBest\u00e4m hur tidtagning ska g\u00f6ras<br \/>\nF\u00f6r er som v\u00e4ljer att anv\u00e4nda MyLaps finns information\u00a0h\u00e4r. Anv\u00e4ndandet av chipsystemet MyLaps \u00e4r obligatoriskt vid SM och SWE Cup.<br \/>\nBest\u00e4ll materiel<br \/>\nT\u00e4nk igenom vad ni beh\u00f6ver f\u00f6r att kunna genomf\u00f6ra t\u00e4vlingen. \u00c4r det ett SM eller en SWE Cup st\u00e5r SCF f\u00f6r vissa leveranser att materiel, materiel bokas d\u00e5 via\u00a0denna l\u00e4nk.<br \/>\n\u00b7\u00a0\u00a0\u00a0\u00a0\u00a0\u00a0\u00a0 Planera s\u00e5 att\u00a0funktion\u00e4rerna\u00a0f\u00e5r b\u00e5de mat och avl\u00f6sning om arbetsdagen \u00e4r l\u00e5ng.<\/p>\n<h3>Genomf\u00f6rande<\/h3>\n<p>Ett cykelarrangemang kan se ut p\u00e5 s\u00e5 m\u00e5nga olika s\u00e4tt. SCF arbetar aktivt f\u00f6r att cykel ska bli attraktiva evenemang och attrahera kommuner och destinationer runtom i landet som arbetar m\u00e5linriktat f\u00f6r att skapa intressanta evenemang.\u00a0N\u00e5gra saker att t\u00e4nka p\u00e5:<\/p>\n<p><strong>Resultat<\/strong> \u2013 ska in i t\u00e4vlingskalendern s\u00e5 snart som m\u00f6jligt efter m\u00e5lg\u00e5ng. Via SweCyclingOnline ska cyklister kunna se sina resultat, men f\u00f6r att f\u00e5 detta att funka m\u00e5ste resultaten f\u00f6ras in i systemet av arrang\u00f6ren. Ladda helst upp en pdf, manual finns nedan.<\/p>\n<p><strong>Avs\u00e4tt TID f\u00f6r \u00e5terst\u00e4llning<\/strong> \u2013\u00a0\u00a0Arenan och banan skall \u00e5terst\u00e4llas efter t\u00e4vlingen och allt l\u00e5nat\/hyrt materiel skall \u00e5terl\u00e4mnas. Det tar tid som man l\u00e4tt gl\u00f6mmer att planera in.<\/p>\n<p><strong>Deltagaravgifter till SCF\u00a0<\/strong> \u2013\u00a0 <a href=\"https:\/\/scf.se\/forbundet\/tavlingsavgifter\/\">\u00a0l\u00e4s mer h\u00e4r<\/a>.<\/p>\n<h3>Avslut och uppf\u00f6ljning<\/h3>\n<p>Utv\u00e4rdering \u00e4r viktigt om man vill se sin t\u00e4vling utvecklas.<\/p>\n<p>&nbsp;<\/p>\n<h4>L\u00e4nksamling<\/h4>\n<p><em>(Dokumentsamlingen \u00e4r under uppdatering)<\/em><\/p>\n<p><a href=\"http:\/\/swecyclingonline.se\">SWE Cycling Online<\/a>\u00a0(nationella arrangemangskalendern)<br \/>\n<a href=\"https:\/\/scf.se\/forbundet\/tavlingsverksamhet\/arrangera-tavling\/ansokan-om-sanktion\/\">Ans\u00f6kan om sanktion<\/a><br \/>\n<a href=\"https:\/\/scf.se\/forbundet\/tavlingsverksamhet\/arrangera-tavling\/frivillig-vardpersonal\/\">Frivillig v\u00e5rdpersonal<\/a><br \/>\n<a href=\"https:\/\/scf.se\/forbundet\/tavlingsverksamhet\/tavlingslicens-chip-och-forsakringar\/forsakringar\/\">F\u00f6rs\u00e4kringar<\/a><br \/>\n<a href=\"https:\/\/scf.se\/forbundet\/tavlingsverksamhet\/arrangera-tavling\/varfor-kommissarie\/\">Kommissarie \u2013 tilldelning<\/a><br \/>\n<a href=\"https:\/\/scf.se\/forbundet\/tavlingsverksamhet\/arrangera-tavling\/materielbokning\/\">Materielbokning<\/a><br \/>\n<a href=\"https:\/\/scf.se\/forbundet\/tavlingsverksamhet\/arrangera-tavling\/sm-ansokan\/\">SM-ans\u00f6kan<\/a><br \/>\n<a href=\"https:\/\/scf.se\/forbundet\/tavlingsavgifter\/\">T\u00e4vlingsavgifter<\/a><br \/>\n<a href=\"https:\/\/scf.se\/forbundet\/tavlingsverksamhet\/tavlingsregler\/\">T\u00e4vlingsregler<\/a><br \/>\n<a href=\"https:\/\/scf.se\/forbundet\/transponder-chip\/\">Tidtagning och chip<\/a><br \/>\n<a href=\"https:\/\/scf.se\/forbundet\/tavlingsverksamhet\/arrangera-tavling\/materielbokning\/\">Materialbokning<\/a><br \/>\n<a href=\"https:\/\/scf.se\/forbundet\/swe-cup\/\">Allm\u00e4nt om SWE Cup<\/a><br \/>\n<a href=\"https:\/\/scf.se\/forbundet\/wp-content\/uploads\/sites\/9\/2025\/04\/Forutsattningar-SWE-Cup-XCO_XCC_2025.pdf\">F\u00f6ruts\u00e4ttningar MTB SWE Cup XCO\/XCC 2025<\/a><br \/>\n<a href=\"https:\/\/scf.se\/forbundet\/wp-content\/uploads\/sites\/9\/2025\/04\/Forutsattningar-SWE-Cup-Enduro-Downhill-2025.pdf\">F\u00f6ruts\u00e4ttningar MTB SWE Cup Enduro &amp; Downhill 2025<\/a><br \/>\n<a href=\"https:\/\/scf.se\/forbundet\/wp-content\/uploads\/sites\/9\/2024\/03\/Forutsattningar-MTB-SM-2024.pdf\">F\u00f6ruts\u00e4ttningar MTB SM 2024(XCO, XCC, XCR, XCT, XCE, XCM, DHI, END, 4X )<\/a><br \/>\n<a href=\"https:\/\/scf.se\/forbundet\/wp-content\/uploads\/sites\/9\/2020\/04\/F\u00f6ruts\u00e4ttningar-instruktioner-LVG-SM-2020-2021.pdf\">F\u00f6ruts\u00e4ttningar instruktioner LVG SM 2020 + 2021<\/a><br \/>\n<a href=\"https:\/\/scf.se\/forbundet\/tavlingsverksamhet\/arrangera-tavling\/scf-arrangemangsstod\/\">Arrangemangsst\u00f6d f\u00f6r SM och SWE Cup<\/a><br \/>\nUCI-t\u00e4vling<br \/>\nVarf\u00f6r arrangera UCI-t\u00e4vling?<\/p>\n","protected":false},"excerpt":{"rendered":"<p>(Dokumentsamlingen \u00e4r under uppdatering) F\u00f6rberedelserna steg 1. Startorganisationen N\u00e4r ni g\u00e5r i tankarna att arrangera en t\u00e4vling \u00e4r det bra att veta att man inte \u00e4r sj\u00e4lv. Hela t\u00e4vlingsorganisationen beh\u00f6ver inte vara satt direkt vid uppstarten, men ni b\u00f6r koll p\u00e5 att det finns ideell arbetskraft i er n\u00e4rhet, d\u00e4refter \u00e4r det bara att<a href=\"https:\/\/scf.se\/forbundet\/tavlingsverksamhet\/arrangera-tavling\/\" class=\"news-card__more\"> &#8230;<\/a><\/p>\n","protected":false},"author":32,"featured_media":0,"parent":96,"menu_order":0,"comment_status":"closed","ping_status":"closed","template":"","meta":{"_acf_changed":false,"footnotes":""},"class_list":["post-64","page","type-page","status-publish","hentry"],"acf":[],"_links":{"self":[{"href":"https:\/\/scf.se\/forbundet\/wp-json\/wp\/v2\/pages\/64","targetHints":{"allow":["GET"]}}],"collection":[{"href":"https:\/\/scf.se\/forbundet\/wp-json\/wp\/v2\/pages"}],"about":[{"href":"https:\/\/scf.se\/forbundet\/wp-json\/wp\/v2\/types\/page"}],"author":[{"embeddable":true,"href":"https:\/\/scf.se\/forbundet\/wp-json\/wp\/v2\/users\/32"}],"replies":[{"embeddable":true,"href":"https:\/\/scf.se\/forbundet\/wp-json\/wp\/v2\/comments?post=64"}],"version-history":[{"count":7,"href":"https:\/\/scf.se\/forbundet\/wp-json\/wp\/v2\/pages\/64\/revisions"}],"predecessor-version":[{"id":11487,"href":"https:\/\/scf.se\/forbundet\/wp-json\/wp\/v2\/pages\/64\/revisions\/11487"}],"up":[{"embeddable":true,"href":"https:\/\/scf.se\/forbundet\/wp-json\/wp\/v2\/pages\/96"}],"wp:attachment":[{"href":"https:\/\/scf.se\/forbundet\/wp-json\/wp\/v2\/media?parent=64"}],"curies":[{"name":"wp","href":"https:\/\/api.w.org\/{rel}","templated":true}]}}