
{"id":59,"date":"2026-02-05T16:23:27","date_gmt":"2026-02-05T15:23:27","guid":{"rendered":"http:\/\/svenskcykel.grandpublic.se\/forbundet\/?page_id=59"},"modified":"2026-02-06T12:18:32","modified_gmt":"2026-02-06T11:18:32","slug":"dokument","status":"publish","type":"page","link":"https:\/\/scf.se\/forbundet\/dokument\/","title":{"rendered":"Dokumentsamling"},"content":{"rendered":"<p>H\u00e4r samlar vi dokument som g\u00e5r att ladda ner, exempelvis blanketter f\u00f6r olika ans\u00f6kningar och l\u00e4nkar till Riksidrottsf\u00f6rbundet f\u00f6r ekonomiskt st\u00f6d med mera. Hittar du inte det du s\u00f6ker eller har vi inte hunnit ladda upp dokumentet?\u00a0Mejla oss p\u00e5 <a href=\"mailto:kansli@scf.se\">kansli@scf.se<\/a> s\u00e5 f\u00e5r du det till dig &#8211; och vi blir p\u00e5minda om att det ska l\u00e4ggas ut!<\/p>\n<h3>\u00a0Cyklist, f\u00f6rening, arrang\u00f6r<\/h3>\n<ul>\n<li><a href=\"https:\/\/scf.se\/forbundet\/wp-content\/uploads\/sites\/9\/2015\/11\/SCF_Arrangemangsst\u00f6d.docx\" rel=\"\">Arrangemangsst\u00f6d &#8211; handlingsplan<\/a><\/li>\n<li><a href=\"\/forbundet\/tavlingsverksamhet\/arrangera-tavling\/sm-ansokan\/\" target=\"_blank\" rel=\"noopener noreferrer\">Ans\u00f6kan om m\u00e4sterskap<\/a><\/li>\n<li><a href=\"https:\/\/scf.se\/forbundet\/wp-content\/uploads\/sites\/9\/2015\/11\/Ans\u00f6kan_utm\u00e4rkelse.doc\">Ans\u00f6kan om utm\u00e4rkelser<\/a><\/li>\n<li><a href=\"https:\/\/scf.se\/forbundet\/wp-content\/uploads\/sites\/9\/2015\/11\/Best\u00e4llning-av-cykelm\u00e4rken.pdf\">Best\u00e4llning av cykelm\u00e4rken<\/a><\/li>\n<li><a href=\"https:\/\/scf.se\/forbundet\/dispensansokan\/\">Dispensans\u00f6kan<\/a><br \/>\n<hr \/>\n<\/li>\n<li><a href=\"http:\/\/www.svenskidrott.se\/Elitidrott\/Elitidrottsstipendium\/\" target=\"_blank\" rel=\"noopener noreferrer\">Elitidrottsstipendium (l\u00e4nk till RF)<\/a><a href=\"https:\/\/scf.se\/forbundet\/stod-service\/idrottslyftet\/\">Idrottslyftet<\/a><\/li>\n<li><a href=\"http:\/\/www.svenskidrott.se\/Ekonomisktstod\/LOK-stod\/\">LOK-st\u00f6d<\/a><\/li>\n<li><a href=\"https:\/\/www.rf.se\/bidragochstod\/bildaidrottsforening\/ansokanomnamnbyte\">Namnbyte f\u00f6rening<\/a><\/li>\n<li><a href=\"http:\/\/www.svenskidrott.se\/Stipendierochutmarkelser\/\" target=\"_blank\" rel=\"noopener noreferrer\">RF Stipendier och utm\u00e4rkelse<\/a><\/li>\n<li><a href=\"https:\/\/scf.se\/forbundet\/tavlingsverksamhet\/tavlingsregler\/\">T\u00e4vlingsregler<\/a><\/li>\n<\/ul>\n<hr \/>\n<h3>Elitverksamhet<\/h3>\n<ul>\n<li><a href=\"https:\/\/scf.se\/forbundet\/mal-och-plan-for-elit-och-landslagsverksamhet\/\">Plan f\u00f6r Elit och Landslagsverksamhet<\/a><\/li>\n<\/ul>\n<hr \/>\n<h3>Kommunikation<\/h3>\n<ul>\n<li><a href=\"https:\/\/drive.google.com\/file\/d\/19Ldt-N6Sr6q8OD3_sbdzq5WLMphlw4ZD\/view\">Grafiska riktlinjer<\/a><\/li>\n<li>Kommunikationsmanual f\u00f6r SM-arrangemang, kontakta <a href=\"mailto:tomas.larsson@scf.se\">tomas.larsson@scf.se<\/a><\/li>\n<li><a href=\"http:\/\/iof1.idrottonline.se\/SvenskaCykelforbundet\/Dokument\/Loggor\/\">Logotyper<\/a>, skicka ett mejl till <a href=\"mailto:kansli@scf.se\">kansli@scf.se<\/a><\/li>\n<li><a href=\"https:\/\/scf.se\/forbundet\/wp-content\/uploads\/sites\/9\/2015\/11\/MTB-skyltar-exempel.pdf\">Banmarkeringar &#8211; MTB-skyltar exempel<\/a><\/li>\n<\/ul>\n<h3>Styrdokument<\/h3>\n<ul>\n<li><a href=\"http:\/\/www.svenskidrott.se\/Omsvenskidrott\/Verksamhetsideochvardegrund\/\" target=\"_blank\" rel=\"noopener noreferrer\">Idrottens verksamhetsid\u00e9 och v\u00e4rdegrund<\/a><\/li>\n<li><a href=\"https:\/\/scf.se\/forbundet\/wp-content\/uploads\/sites\/9\/2015\/11\/SCF-kommunikationspolicy.pdf\" rel=\"\">Kommunikationspolicy SCF<\/a><\/li>\n<li><a href=\"https:\/\/scf.se\/forbundet\/wp-content\/uploads\/sites\/9\/2019\/08\/Riktlinjer-f\u00f6r-SCF-Verksamhetsrevisor.pdf\">Riktlinjer f\u00f6r SCF Verksamhetsrevisor<\/a><\/li>\n<li><a href=\"https:\/\/scf.se\/forbundet\/styrelserapporter-och-protokoll\/\">Styrelseprotokoll och verksamhetsber\u00e4ttelser<\/a><\/li>\n<\/ul>\n","protected":false},"excerpt":{"rendered":"<p>H\u00e4r samlar vi dokument som g\u00e5r att ladda ner, exempelvis blanketter f\u00f6r olika ans\u00f6kningar och l\u00e4nkar till Riksidrottsf\u00f6rbundet f\u00f6r ekonomiskt st\u00f6d med mera. Hittar du inte det du s\u00f6ker eller har vi inte hunnit ladda upp dokumentet?\u00a0Mejla oss p\u00e5 kansli@scf.se s\u00e5 f\u00e5r du det till dig &#8211; och vi blir p\u00e5minda om att det<a href=\"https:\/\/scf.se\/forbundet\/dokument\/\" class=\"news-card__more\"> &#8230;<\/a><\/p>\n","protected":false},"author":32,"featured_media":0,"parent":0,"menu_order":0,"comment_status":"closed","ping_status":"closed","template":"","meta":{"_acf_changed":false,"footnotes":""},"class_list":["post-59","page","type-page","status-publish","hentry"],"acf":[],"_links":{"self":[{"href":"https:\/\/scf.se\/forbundet\/wp-json\/wp\/v2\/pages\/59","targetHints":{"allow":["GET"]}}],"collection":[{"href":"https:\/\/scf.se\/forbundet\/wp-json\/wp\/v2\/pages"}],"about":[{"href":"https:\/\/scf.se\/forbundet\/wp-json\/wp\/v2\/types\/page"}],"author":[{"embeddable":true,"href":"https:\/\/scf.se\/forbundet\/wp-json\/wp\/v2\/users\/32"}],"replies":[{"embeddable":true,"href":"https:\/\/scf.se\/forbundet\/wp-json\/wp\/v2\/comments?post=59"}],"version-history":[{"count":5,"href":"https:\/\/scf.se\/forbundet\/wp-json\/wp\/v2\/pages\/59\/revisions"}],"predecessor-version":[{"id":11486,"href":"https:\/\/scf.se\/forbundet\/wp-json\/wp\/v2\/pages\/59\/revisions\/11486"}],"wp:attachment":[{"href":"https:\/\/scf.se\/forbundet\/wp-json\/wp\/v2\/media?parent=59"}],"curies":[{"name":"wp","href":"https:\/\/api.w.org\/{rel}","templated":true}]}}