
{"id":580,"date":"2022-01-22T15:59:54","date_gmt":"2022-01-22T14:59:54","guid":{"rendered":"http:\/\/svenskcykel.grandpublic.se\/forbundet\/?page_id=580"},"modified":"2022-03-29T15:22:12","modified_gmt":"2022-03-29T13:22:12","slug":"sportson","status":"publish","type":"page","link":"https:\/\/scf.se\/forbundet\/sponsorer\/sportson\/","title":{"rendered":"Sportson"},"content":{"rendered":"<a href=\"https:\/\/scf.se\/forbundet\/wp-content\/uploads\/sites\/9\/2022\/03\/sportson_logo_rektangel_RGB_500x249.jpg\"><img loading=\"lazy\" decoding=\"async\" class=\"alignnone wp-image-5068 size-full\" src=\"https:\/\/scf.se\/forbundet\/wp-content\/uploads\/sites\/9\/2022\/03\/sportson_logo_rektangel_RGB_500x249.jpg\" alt=\"\" width=\"500\" height=\"249\" srcset=\"https:\/\/scf.se\/forbundet\/wp-content\/uploads\/sites\/9\/2022\/03\/sportson_logo_rektangel_RGB_500x249.jpg 500w, https:\/\/scf.se\/forbundet\/wp-content\/uploads\/sites\/9\/2022\/03\/sportson_logo_rektangel_RGB_500x249-300x149.jpg 300w\" sizes=\"auto, (max-width: 500px) 100vw, 500px\" \/><\/a>\n<p>&nbsp;<\/p>\n<blockquote><p>\u2013 Intresset f\u00f6r cykelsporten v\u00e4xer kraftigt, till vardags, f\u00f6r motionen, f\u00f6r n\u00f6jet och f\u00f6r t\u00e4vling.<\/p><\/blockquote>\n<p>Sportson startade i G\u00f6teborg 1980 och har sedan dess vuxit med intresset och \u00e4r idag en kedja\u00a0med fullsortimentsbutiker d\u00e4r alla cyklister, oavsett niv\u00e5 eller intresse ska kunna hitta den hj\u00e4lp,\u00a0kunskap, inspiration och utrustning de b\u00e5de beh\u00f6ver och f\u00f6rtj\u00e4nar.<\/p>\n<p>Dagens cyklister \u00e4r medvetna och kr\u00e4sna, man vill ha kunskap, r\u00e5d och gemenskapen \u00e4r stor\u00a0bland de aktiva. som butikskedja tr\u00e4ffar vi m\u00e5nga av dessa eldsj\u00e4lar p\u00e5 ett eller annat s\u00e4tt under\u00a0karri\u00e4ren men att nu f\u00e5 tillf\u00e4lle att p\u00e5 allvar finnas d\u00e4r f\u00f6r dem \u00e4ven p\u00e5 t\u00e4vlingsbanorna k\u00e4nns som\u00a0ett stort privilegium, att tillsammans med Svenska Cykelf\u00f6rbundet och andra sponsorer vara med\u00a0och st\u00f6tta och utveckla cykelsporten \u00e4r ett naturligt steg i v\u00e5r ambition att skapa Sveriges n\u00f6jdaste\u00a0cyklister.<\/p>\n<p><a href=\"http:\/\/www.sportson.se\/\">www.sportson.se<\/a><\/p>\n","protected":false},"excerpt":{"rendered":"<p>&nbsp; \u2013 Intresset f\u00f6r cykelsporten v\u00e4xer kraftigt, till vardags, f\u00f6r motionen, f\u00f6r n\u00f6jet och f\u00f6r t\u00e4vling. Sportson startade i G\u00f6teborg 1980 och har sedan dess vuxit med intresset och \u00e4r idag en kedja\u00a0med fullsortimentsbutiker d\u00e4r alla cyklister, oavsett niv\u00e5 eller intresse ska kunna hitta den hj\u00e4lp,\u00a0kunskap, inspiration och utrustning de b\u00e5de beh\u00f6ver och f\u00f6rtj\u00e4nar.<a href=\"https:\/\/scf.se\/forbundet\/sponsorer\/sportson\/\" class=\"news-card__more\"> &#8230;<\/a><\/p>\n","protected":false},"author":1,"featured_media":0,"parent":287,"menu_order":0,"comment_status":"closed","ping_status":"closed","template":"","meta":{"_acf_changed":false,"footnotes":""},"class_list":["post-580","page","type-page","status-publish","hentry"],"acf":[],"_links":{"self":[{"href":"https:\/\/scf.se\/forbundet\/wp-json\/wp\/v2\/pages\/580","targetHints":{"allow":["GET"]}}],"collection":[{"href":"https:\/\/scf.se\/forbundet\/wp-json\/wp\/v2\/pages"}],"about":[{"href":"https:\/\/scf.se\/forbundet\/wp-json\/wp\/v2\/types\/page"}],"author":[{"embeddable":true,"href":"https:\/\/scf.se\/forbundet\/wp-json\/wp\/v2\/users\/1"}],"replies":[{"embeddable":true,"href":"https:\/\/scf.se\/forbundet\/wp-json\/wp\/v2\/comments?post=580"}],"version-history":[{"count":0,"href":"https:\/\/scf.se\/forbundet\/wp-json\/wp\/v2\/pages\/580\/revisions"}],"up":[{"embeddable":true,"href":"https:\/\/scf.se\/forbundet\/wp-json\/wp\/v2\/pages\/287"}],"wp:attachment":[{"href":"https:\/\/scf.se\/forbundet\/wp-json\/wp\/v2\/media?parent=580"}],"curies":[{"name":"wp","href":"https:\/\/api.w.org\/{rel}","templated":true}]}}