
{"id":485,"date":"2025-06-30T10:34:11","date_gmt":"2025-06-30T08:34:11","guid":{"rendered":"http:\/\/svenskcykel.grandpublic.se\/forbundet\/?page_id=485"},"modified":"2025-06-30T10:45:23","modified_gmt":"2025-06-30T08:45:23","slug":"utbildningar","status":"publish","type":"page","link":"https:\/\/scf.se\/forbundet\/utbildningar\/","title":{"rendered":"SCF:s utbildningar"},"content":{"rendered":"<p><strong style=\"font-size: 16px;\">Svenska Cykelf\u00f6rbundets utbildningar<\/strong><span style=\"font-size: 16px;\"> genomf\u00f6rs p\u00e5 olika s\u00e4tt beroende p\u00e5 syftet med utbildningen:<\/span><\/p>\r\n<h1>SCF-utbildningar<\/h1>\r\n<ul>\r\n<li><a href=\"https:\/\/utbildning.scf.se\/\"><strong>Den bl\u00e5gula cykelv\u00e4gen <\/strong><\/a><\/li>\r\n<li><strong>Kommissarieutbildningar; grundkurs,<\/strong><em>\u00a0<\/em><strong>fortbildning<\/strong>\r\n<ul>\r\n<li><a href=\"https:\/\/educationwebregistration.idrottonline.se\/home\/index\/2036879\"><strong>MTB &amp; CX 8-9 november, J\u00f6nk\u00f6ping<\/strong><\/a><\/li>\r\n<li><a href=\"https:\/\/educationwebregistration.idrottonline.se\/home\/index\/2036888\"><strong>LVG &amp; CX 8-9 november, J\u00f6nk\u00f6ping<\/strong><\/a><\/li>\r\n<\/ul>\r\n<\/li>\r\n<li><a href=\"https:\/\/scf.se\/forbundet\/svenska-cykelforbundets-onlineutbildningar\/\"><strong>Ungdomstr\u00e4nare, digital utbildning.<\/strong><\/a><\/li>\r\n<li><a href=\"https:\/\/scf.se\/forbundet\/svenska-cykelforbundets-onlineutbildningar\/\"><strong>T\u00e4vlingsledare, digital utbildning.<\/strong><\/a><\/li>\r\n<li><strong>Tr\u00e4nare<\/strong><\/li>\r\n<li><strong>Resultathantering<\/strong><\/li>\r\n<li><strong>Fordonsf\u00f6rare (Bil, MC)<\/strong><\/li>\r\n<li><strong>S\u00e4kerhetsvakt (i dags l\u00e4get s\u00e5 finns f\u00f6r oss veterligen ingen godk\u00e4nd kurs inom detta omr\u00e5de)<\/strong><\/li>\r\n<li><strong>Kamerask\u00f6tare <\/strong><\/li>\r\n<li><strong>Radiosk\u00f6tare<\/strong><\/li>\r\n<li><a href=\"https:\/\/scf.se\/forbundet\/servicekurs\/\"><strong>Servicekurs <\/strong><\/a>\u00a0(webbkurs). Fr\u00e4mst f\u00f6r team managers och de som k\u00f6r servicebil p\u00e5 t\u00e4vling. \u00d6vriga \u00e4r varmt v\u00e4lkomna att ta del av det kostnadsfria utbildningsmaterialet. Godk\u00e4nda deltagare publiceras p\u00e5 sidan<em><strong>.<\/strong><\/em><\/li>\r\n<li><strong><a href=\"https:\/\/scf.se\/forbundet\/tavlingsverksamhet\/antidoping\/ren-vinnare\/\">Ren vinnare<\/a> <\/strong>(webbkurs). Krav p\u00e5 genomf\u00f6rd antidoping-utbildning f\u00f6r att f\u00e5 ans\u00f6ka om licens (17 \u00e5r och upp\u00e5t).<\/li>\r\n<\/ul>\r\n<p>L\u00e4s mer om vilka\u00a0<strong><a href=\"https:\/\/scf.se\/forbundet\/wp-content\/uploads\/sites\/9\/2015\/12\/Utbildningsniv%C3%A5er-och-krav-1.pdf\">utbildningsniv\u00e5er och beh\u00f6righetskrav <\/a>s<\/strong>om finns f\u00f6r SCF utbildningar.<\/p>\r\n<h3>\u00c4r du intresserad av att g\u00e5 en kurs?<\/h3>\r\n<p>Vi tar g\u00e4rna emot intresseanm\u00e4lningar f\u00f6r att g\u00e5 utbildningar och kommer att \u00e5terkoppla till alla intresserade vad som g\u00e4ller f\u00f6r respektive kurs s\u00e5 snart vi har en kursplan. Intresseanm\u00e4lan med kontaktuppgifter och vilka utbildningar ni har intresse av skickar ni till <strong><a href=\"mailto:utbildning@scf.se\">kansli@scf.se<\/a>.<\/strong> Kom ih\u00e5g att \u00e4ven RF och SISU har utbildningar, kontakta ditt distrikt f\u00f6r mer information, i november 2017 presenterade SISU bland annat en ny webbutbildning &#8221;Introduktionsutbildning f\u00f6r tr\u00e4nare&#8221;<\/p>\r\n<h3>Utbildningar RF\/SISU (urval)<\/h3>\r\n<ul>\r\n<li><strong><a href=\"https:\/\/utbildning.sisuidrottsbocker.se\/sisuiu\/tranare\/pw\/Introduktionsutbildning-for-tranare\/\">SISU Introduktionsutbildning f\u00f6r tr\u00e4nare<\/a><\/strong><\/li>\r\n<\/ul>\r\n<p>Mer om<strong><a href=\"http:\/\/www.sisuidrottsutbildarna.se\/\"> SISU &#8211; idrottsutbildarna<\/a><\/strong><\/p>\r\n<blockquote>\r\n<p>Ungdomar som vill satsa p\u00e5 cykel har ett flertal skolor att v\u00e4lja mellan, b\u00e5de p\u00e5 gymnasieniv\u00e5 och h\u00f6gskoleniv\u00e5\u00a0<\/p>\r\n<\/blockquote>\r\n<h3>Utbildningsm\u00f6jligheter med cykel som inriktning<\/h3>\r\n<ul>\r\n<li><strong><a href=\"https:\/\/scf.se\/forbundet\/utbildningar\/rig-niu\/\">Gymnasieutbildningar med inriktning cykel<\/a><\/strong><\/li>\r\n<li><strong><a href=\"https:\/\/scf.se\/forbundet\/utbildningar\/riu-och-evl\/\">H\u00f6gskolor och Universitet<\/a><\/strong><\/li>\r\n<\/ul>\r\n","protected":false},"excerpt":{"rendered":"<p>Svenska Cykelf\u00f6rbundets utbildningar genomf\u00f6rs p\u00e5 olika s\u00e4tt beroende p\u00e5 syftet med utbildningen: SCF-utbildningar Den bl\u00e5gula cykelv\u00e4gen Kommissarieutbildningar; grundkurs,\u00a0fortbildning MTB &amp; CX 8-9 november, J\u00f6nk\u00f6ping LVG &amp; CX 8-9 november, J\u00f6nk\u00f6ping Ungdomstr\u00e4nare, digital utbildning. T\u00e4vlingsledare, digital utbildning. Tr\u00e4nare Resultathantering Fordonsf\u00f6rare (Bil, MC) S\u00e4kerhetsvakt (i dags l\u00e4get s\u00e5 finns f\u00f6r oss veterligen ingen godk\u00e4nd kurs inom<a href=\"https:\/\/scf.se\/forbundet\/utbildningar\/\" class=\"news-card__more\"> &#8230;<\/a><\/p>\n","protected":false},"author":32,"featured_media":0,"parent":0,"menu_order":0,"comment_status":"closed","ping_status":"closed","template":"","meta":{"_acf_changed":false,"footnotes":""},"class_list":["post-485","page","type-page","status-publish","hentry"],"acf":[],"_links":{"self":[{"href":"https:\/\/scf.se\/forbundet\/wp-json\/wp\/v2\/pages\/485","targetHints":{"allow":["GET"]}}],"collection":[{"href":"https:\/\/scf.se\/forbundet\/wp-json\/wp\/v2\/pages"}],"about":[{"href":"https:\/\/scf.se\/forbundet\/wp-json\/wp\/v2\/types\/page"}],"author":[{"embeddable":true,"href":"https:\/\/scf.se\/forbundet\/wp-json\/wp\/v2\/users\/32"}],"replies":[{"embeddable":true,"href":"https:\/\/scf.se\/forbundet\/wp-json\/wp\/v2\/comments?post=485"}],"version-history":[{"count":10,"href":"https:\/\/scf.se\/forbundet\/wp-json\/wp\/v2\/pages\/485\/revisions"}],"predecessor-version":[{"id":10728,"href":"https:\/\/scf.se\/forbundet\/wp-json\/wp\/v2\/pages\/485\/revisions\/10728"}],"wp:attachment":[{"href":"https:\/\/scf.se\/forbundet\/wp-json\/wp\/v2\/media?parent=485"}],"curies":[{"name":"wp","href":"https:\/\/api.w.org\/{rel}","templated":true}]}}