
{"id":40,"date":"2025-09-30T08:20:06","date_gmt":"2025-09-30T06:20:06","guid":{"rendered":"http:\/\/svenskcykel.grandpublic.se\/forbundet\/?page_id=40"},"modified":"2026-03-15T16:14:52","modified_gmt":"2026-03-15T15:14:52","slug":"kontakt","status":"publish","type":"page","link":"https:\/\/scf.se\/forbundet\/kontakt\/","title":{"rendered":"Kontakta oss p\u00e5 SCF"},"content":{"rendered":"<p>Svenska Cykelf\u00f6rbundet<\/p>\n<p>Tfn: 08 &#8211; 684 368 80<br \/>\nE-post: <a href=\"mailto:kansli@scf.se\">kansli@scf.se<\/a><\/p>\n<p>Postadress: Svenska Cykelf\u00f6rbundet, Kivra:802000-6030, 106 31 Stockholm<br \/>\nOrganisationsnummer: 802000-6030<br \/>\nBankgiro: 309-1345 <em>(Obs! Inga <a href=\"https:\/\/scf.se\/forbundet\/tavlingsavgifter\/\">deltagaravgifter<\/a> eller <a href=\"https:\/\/scf.se\/licenser\/\">licensinbetalningar<\/a> till detta bankgiro)<\/em><\/p>\n<p>Du kan oftast n\u00e5 n\u00e5gon p\u00e5 kansliet genom att ringa v\u00e4xelnumret\u00a0under v\u00e5ra \u00f6ppettider\u00a0eller skicka ett mejl till\u00a0<a href=\"mailto:kansli@scf.se\">kansli@scf.se<\/a> . V\u00e5r ambition \u00e4r att svara p\u00e5 mejl som skickas till kansliet inom n\u00e5gra f\u00e5 arbetsdagar.<\/p>\n<h3><strong>Telefontider<\/strong><\/h3>\n<div dir=\"auto\"><strong>Telefon:<\/strong> +46-(0)8 684 368 80<\/div>\n<ul>\n<li><strong>Tisdagar:<\/strong> 10.00\u201312.00<\/li>\n<li><strong>Torsdagar:<\/strong> 10.00\u201312.00<\/li>\n<\/ul>\n<h3>Personal<\/h3>\n<p>Allm\u00e4nna kanslifr\u00e5gor och fr\u00e5gor g\u00e4llande licenser skickas till SCF kansli: <a href=\"mailto:kansli@scf.se\">kansli@scf.se<\/a><\/p>\n<ul>\n<li><strong>Leif Karlsson,<\/strong> generalsekreterare,\u00a0<a href=\"mailto:leif.karlsson@scf.se\">leif.karlsson@scf.se<\/a>\u00a008-684 368 81<\/li>\n<li><strong>Tomas Larsson<\/strong>, kommunikat\u00f6r, <a href=\"mailto:tomas.larsson@scf.se\">tomas.larsson@scf.se<\/a>\u00a008-684 368 82<\/li>\n<li><strong>Fredrik Kessiakoff<\/strong>, Key Account Manager, <a href=\"mailto:fredrik.kessiakoff@scf.se\">fredrik.kessiakoff@scf.se<\/a> 08-684 368 83<\/li>\n<li><strong>Jonas Haglund<\/strong>, nationellt t\u00e4vlingsansvarig, <a href=\"mailto:jonas.haglund@scf.se\">jonas.haglund@scf.se<\/a> 08-684 368 86<\/li>\n<li><strong>Malin Lindgren,<\/strong> projektledare j\u00e4mst\u00e4lldhet, ansvarig internationella m\u00e4sterskap samt SF-st\u00f6d, <a href=\"mailto:malin.lindgren@scf.se\">malin.lindgren@scf.se<\/a><\/li>\n<\/ul>\n<h3><strong>Landslagsledning<\/strong><\/h3>\n<ul>\n<li><strong>Bancykel:<\/strong> Johan Carelle, f\u00f6rbundskapten bana, <a href=\"mailto:johan.carelle@scf.se\">johan.carelle@scf.se<\/a><\/li>\n<li><strong>BMX<\/strong>: Johan Fransson, f\u00f6rbundskapten bmx,\u00a0<a href=\"mailto:johan.fransson@scf.se\">johan.fransson@scf.se<\/a><\/li>\n<li><strong>BMX, pumptrack:<\/strong> Filip Svanberg, elitansvarig, <a href=\"mailto:filip.svanberg@scf.se\">filip.svanberg@scf.se<\/a><\/li>\n<li><strong>Cykelcross: <\/strong>David Eriksson, <a href=\"mailto:david.eriksson@scf.se\">david.eriksson@scf.se<\/a><\/li>\n<li><strong>Gravel:<\/strong> Vakant<\/li>\n<li><strong>Landsv\u00e4g:<\/strong> Lucas Persson, f\u00f6rbundskapten lvg,\u00a0<a href=\"mailto:lucas.persson@scf.se\">lucas.persson@scf.se<\/a>\u00a0076-865 01 50<br \/>\nAlexander Wetterhall, assisterande f\u00f6rbundskapten lvg, <a href=\"mailto:alexander.wetterhall@scf.se\">alexander.wetterhall@scf.se<\/a><\/li>\n<li><strong>Mountainbike:\u00a0<\/strong> Johan Nielsen, administrativt ansvarig och sportsligt ansvarig f\u00f6r XCM och XCE, <a href=\"mailto:Johan.Nielsen@scf.se\">johan.nielsen@scf.se<\/a><br \/>\nDavid Eriksson, sportsligt ansvarig f\u00f6rbundskapten XCO och XCC, <a href=\"mailto:david.eriksson@scf.se\">david.eriksson@scf.se<\/a><br \/>\nFelix Beckeman, f\u00f6rbundskapten MTB gravity (enduro, downhill och 4X), <a href=\"mailto:felix.beckeman@scf.se\">felix.beckeman@scf.se<\/a><strong><br \/>\nParacykel<\/strong>: Anna Beck, f\u00f6rbundskapten para, <a href=\"mailto:anna.beck@scf.se\">anna.beck@scf.se<\/a>\u00a0070-8511969<br \/>\nMichael Lindgren, assisterande f\u00f6rbundskapten para, <a href=\"mailto:michael.lindgren@scf.se\" target=\"_blank\" rel=\"noopener noreferrer\">michael.lindgren@scf.se<\/a> 070-370 85 07<br \/>\n<strong>Trial<\/strong>: Christian Andersson, f\u00f6rbundskapten trial, <em><a href=\"mailto:christian.andersson@scf.se\">christian.andersson@scf.se<\/a><\/em><\/li>\n<\/ul>\n<h3>Grengrupper<\/h3>\n<p><a href=\"https:\/\/scf.se\/forbundet\/om-forbundet\/grengrupper-och-kommitteer\/\">H\u00e4r hittar du kontaktuppgifter<\/a> till v\u00e5ra grengrupper f\u00f6r de olika grenarna (BMX, Bana, Cykelcross, E-cycling, Gravel, Landsv\u00e4g, Mountainbike, Para och Trial).<\/p>\n<h3>Kommitt\u00e9er<\/h3>\n<p>Vill du komma i kontakt med n\u00e5gon av SCF:s kommitt\u00e9er (kommissarier, disciplin\u00e4renden, regelfr\u00e5gor, antidoping, motion) hittar du <em><strong><a href=\"https:\/\/scf.se\/forbundet\/om-forbundet\/grengrupper-och-kommitteer\/\">kontaktuppgifter <\/a><a href=\"https:\/\/scf.se\/forbundet\/om-forbundet\/grengrupper-och-kommitteer\/\">h\u00e4r<\/a>.<\/strong><\/em><\/p>\n<h2>F\u00f6rtroendevalda<\/h2>\n<h3><strong>Styrelse<\/strong><\/h3>\n<p>Cykelf\u00f6rbundets styrelse best\u00e5r av sju personer och v\u00e4ljs p\u00e5 SCF f\u00f6rbundsm\u00f6te (senast 14 mars 2026),<em><strong> <a href=\"https:\/\/scf.se\/forbundet\/om-forbundet\/styrelsen\/\">l\u00e4s mer om styrelsen h\u00e4r:<\/a><\/strong><\/em><\/p>\n<h3><strong>Valberedning<\/strong><\/h3>\n<p>H\u00e4r hittar du kontaktuppgifter till <em><strong><a href=\"https:\/\/scf.se\/forbundet\/om-forbundet\/valberedningen\/\">valberedningen.<\/a><\/strong><\/em><\/p>\n<h3><strong>Verksamhetsrevisor<\/strong><\/h3>\n<p><strong>Kenneth Nygren<\/strong>, <em><strong><a href=\"mailto:verksamhetsrevisor@scf.se\">verksamhetsrevisor@scf.se<\/a><\/strong><\/em><\/p>\n<h3>Cykelombudsman<\/h3>\n<p>Till Cykelombudsmannen (CO) kan cyklister v\u00e4nda sig f\u00f6r att f\u00e5 r\u00e5d vid situationer som uppst\u00e5tt p\u00e5 t\u00e4vlingsbanan och som kanske kr\u00e4ver en oberoende genomlysning. H\u00e4r kan man f\u00e5 st\u00f6d i hur processen i ett disciplin\u00e4rende g\u00e5r till. Cykelombudsmannen kan ocks\u00e5, helt objektivt, driva \u00e4renden vidare in till disciplinn\u00e4mnden.<\/p>\n<p><strong>Claes Andersson<\/strong>: <em><strong><a href=\"mailto:claes11andersson@gmail.com\">claes11andersson@gmail.com<\/a><\/strong><\/em><\/p>\n","protected":false},"excerpt":{"rendered":"<p>Svenska Cykelf\u00f6rbundet Tfn: 08 &#8211; 684 368 80 E-post: kansli@scf.se Postadress: Svenska Cykelf\u00f6rbundet, Kivra:802000-6030, 106 31 Stockholm Organisationsnummer: 802000-6030 Bankgiro: 309-1345 (Obs! Inga deltagaravgifter eller licensinbetalningar till detta bankgiro) Du kan oftast n\u00e5 n\u00e5gon p\u00e5 kansliet genom att ringa v\u00e4xelnumret\u00a0under v\u00e5ra \u00f6ppettider\u00a0eller skicka ett mejl till\u00a0kansli@scf.se . V\u00e5r ambition \u00e4r att svara p\u00e5 mejl<a href=\"https:\/\/scf.se\/forbundet\/kontakt\/\" class=\"news-card__more\"> &#8230;<\/a><\/p>\n","protected":false},"author":32,"featured_media":0,"parent":0,"menu_order":0,"comment_status":"closed","ping_status":"closed","template":"","meta":{"_acf_changed":false,"footnotes":""},"class_list":["post-40","page","type-page","status-publish","hentry"],"acf":[],"_links":{"self":[{"href":"https:\/\/scf.se\/forbundet\/wp-json\/wp\/v2\/pages\/40","targetHints":{"allow":["GET"]}}],"collection":[{"href":"https:\/\/scf.se\/forbundet\/wp-json\/wp\/v2\/pages"}],"about":[{"href":"https:\/\/scf.se\/forbundet\/wp-json\/wp\/v2\/types\/page"}],"author":[{"embeddable":true,"href":"https:\/\/scf.se\/forbundet\/wp-json\/wp\/v2\/users\/32"}],"replies":[{"embeddable":true,"href":"https:\/\/scf.se\/forbundet\/wp-json\/wp\/v2\/comments?post=40"}],"version-history":[{"count":36,"href":"https:\/\/scf.se\/forbundet\/wp-json\/wp\/v2\/pages\/40\/revisions"}],"predecessor-version":[{"id":11912,"href":"https:\/\/scf.se\/forbundet\/wp-json\/wp\/v2\/pages\/40\/revisions\/11912"}],"wp:attachment":[{"href":"https:\/\/scf.se\/forbundet\/wp-json\/wp\/v2\/media?parent=40"}],"curies":[{"name":"wp","href":"https:\/\/api.w.org\/{rel}","templated":true}]}}