
{"id":2522,"date":"2015-03-07T08:07:48","date_gmt":"2015-03-07T07:07:48","guid":{"rendered":"http:\/\/scf.se\/forbundet\/?page_id=2522"},"modified":"2025-12-10T15:23:29","modified_gmt":"2025-12-10T14:23:29","slug":"foredragningslista","status":"publish","type":"page","link":"https:\/\/scf.se\/forbundet\/forbundsmote\/foredragningslista\/","title":{"rendered":"F\u00f6redragningslista vid SCF F\u00f6rbundsm\u00f6te"},"content":{"rendered":"<ol>\n<li>Vid f\u00f6rbundsm\u00f6tet skall f\u00f6ljande \u00e4renden f\u00f6rekomma:<br \/>\n1. Fastst\u00e4llande av r\u00f6stl\u00e4ngd p\u00e5 grundval av den utav f\u00f6rbundsstyrelsen uppr\u00e4ttade r\u00f6stl\u00e4ngden,<br \/>\n2. Fastst\u00e4llande av f\u00f6redragningslista f\u00f6r m\u00f6tet,<br \/>\n3. Fr\u00e5ga om m\u00f6tets beh\u00f6riga utlysande,<br \/>\n4. Val av m\u00f6tesordf\u00f6rande,<br \/>\n5. Val av protokollsekreterare f\u00f6r m\u00f6tet,<br \/>\n6. Val av tv\u00e5 protokolljusterare att j\u00e4mte m\u00f6tesordf\u00f6randen justera m\u00f6tets protokoll, samt erforderligt antal<br \/>\nr\u00f6str\u00e4knare,<br \/>\n7. Behandling av verksamhets- och f\u00f6rvaltningsber\u00e4ttelser:<br \/>\na) f\u00f6rbundsstyrelsens verksamhetsber\u00e4ttelse f\u00f6r det g\u00e5ngna verksamhets\u00e5ret,<br \/>\nb) f\u00f6rbundsstyrelsens f\u00f6rvaltningsber\u00e4ttelse f\u00f6r det g\u00e5ngna r\u00e4kenskaps\u00e5ret,<br \/>\nc) revisorernas ber\u00e4ttelse f\u00f6r samma tid,<br \/>\n8. Fr\u00e5ga om ansvarsfrihet f\u00f6r f\u00f6rbundsstyrelsens f\u00f6rvaltning,<br \/>\n9. Behandling av styrelsens f\u00f6rslag och av motioner som getts in i den ordning som s\u00e4gs i 2 kap. 2 \u00a7,<br \/>\n2024 \u00e5rs rev SCFstad v.4.0 2024-03-09<br \/>\n10. Behandling av f\u00f6rslag till verksamhetsplan med ekonomisk plan f\u00f6r kommande verksamhetsperiod samt<br \/>\nfastst\u00e4llande av f\u00f6reningarnas medlemsavgift till f\u00f6rbundet,<br \/>\n11. Val av f\u00f6rbundsordf\u00f6rande, tillika styrelsens ordf\u00f6rande f\u00f6r en tid av tv\u00e5 \u00e5r,<br \/>\n12. Val av tre styrelseledam\u00f6ter f\u00f6r en tid av tv\u00e5 \u00e5r,<br \/>\n13. Val av revisor med personlig ers\u00e4ttare eller ett revisionsbolag, med uppgift att granska r\u00e4kenskaper och<br \/>\nf\u00f6rvaltning enligt 4 kap 1\u00a7 f\u00f6r en tid av ett \u00e5r.<br \/>\n14. Val av verksamhetsrevisor med personligers\u00e4ttare, med uppgift att granska r\u00e4kenskaper<br \/>\noch f\u00f6rvaltning enligt 4 kap 2\u00a7 f\u00f6r en tid av ett \u00e5r.<br \/>\n15. Val av ordf\u00f6rande i disciplinn\u00e4mnden f\u00f6r en tid av ett \u00e5r,<br \/>\n16. Val av tv\u00e5 \u00f6vriga ledam\u00f6ter i disciplinn\u00e4mnden f\u00f6r en tid av tv\u00e5 \u00e5r,<br \/>\n17. Val av ordf\u00f6rande i valberedningen f\u00f6r en tid av ett \u00e5r.<br \/>\n18. Val av tv\u00e5 \u00f6vriga ledam\u00f6ter i valberedningen f\u00f6r en tid av tv\u00e5 \u00e5r.<br \/>\n19. Beslut om val av ombud och erforderliga suppleanter till RF-st\u00e4mma.<\/li>\n<\/ol>\n<p><em>enligt SCF <a href=\"https:\/\/scf.se\/forbundet\/wp-content\/uploads\/sites\/9\/2024\/09\/Stadgar_2024_ars-rev-SCFstad-v4.0-24-03-09.pdf\">stadgar<\/a>\u00a0<strong>6 \u00a7 \u00c4renden vid f\u00f6rbundsm\u00f6tet.<\/strong><\/em><\/p>\n","protected":false},"excerpt":{"rendered":"<p>Vid f\u00f6rbundsm\u00f6tet skall f\u00f6ljande \u00e4renden f\u00f6rekomma: 1. Fastst\u00e4llande av r\u00f6stl\u00e4ngd p\u00e5 grundval av den utav f\u00f6rbundsstyrelsen uppr\u00e4ttade r\u00f6stl\u00e4ngden, 2. Fastst\u00e4llande av f\u00f6redragningslista f\u00f6r m\u00f6tet, 3. Fr\u00e5ga om m\u00f6tets beh\u00f6riga utlysande, 4. Val av m\u00f6tesordf\u00f6rande, 5. Val av protokollsekreterare f\u00f6r m\u00f6tet, 6. Val av tv\u00e5 protokolljusterare att j\u00e4mte m\u00f6tesordf\u00f6randen justera m\u00f6tets protokoll, samt erforderligt antal<a href=\"https:\/\/scf.se\/forbundet\/forbundsmote\/foredragningslista\/\" class=\"news-card__more\"> &#8230;<\/a><\/p>\n","protected":false},"author":32,"featured_media":0,"parent":2051,"menu_order":0,"comment_status":"closed","ping_status":"closed","template":"","meta":{"_acf_changed":false,"footnotes":""},"class_list":["post-2522","page","type-page","status-publish","hentry"],"acf":[],"_links":{"self":[{"href":"https:\/\/scf.se\/forbundet\/wp-json\/wp\/v2\/pages\/2522","targetHints":{"allow":["GET"]}}],"collection":[{"href":"https:\/\/scf.se\/forbundet\/wp-json\/wp\/v2\/pages"}],"about":[{"href":"https:\/\/scf.se\/forbundet\/wp-json\/wp\/v2\/types\/page"}],"author":[{"embeddable":true,"href":"https:\/\/scf.se\/forbundet\/wp-json\/wp\/v2\/users\/32"}],"replies":[{"embeddable":true,"href":"https:\/\/scf.se\/forbundet\/wp-json\/wp\/v2\/comments?post=2522"}],"version-history":[{"count":2,"href":"https:\/\/scf.se\/forbundet\/wp-json\/wp\/v2\/pages\/2522\/revisions"}],"predecessor-version":[{"id":11336,"href":"https:\/\/scf.se\/forbundet\/wp-json\/wp\/v2\/pages\/2522\/revisions\/11336"}],"up":[{"embeddable":true,"href":"https:\/\/scf.se\/forbundet\/wp-json\/wp\/v2\/pages\/2051"}],"wp:attachment":[{"href":"https:\/\/scf.se\/forbundet\/wp-json\/wp\/v2\/media?parent=2522"}],"curies":[{"name":"wp","href":"https:\/\/api.w.org\/{rel}","templated":true}]}}