
{"id":1828,"date":"2024-10-09T09:19:02","date_gmt":"2024-10-09T07:19:02","guid":{"rendered":"http:\/\/scf.se\/forbundet\/?page_id=1828"},"modified":"2025-04-24T15:22:46","modified_gmt":"2025-04-24T13:22:46","slug":"forsakringar","status":"publish","type":"page","link":"https:\/\/scf.se\/forbundet\/tavlingsverksamhet\/forsakringar\/","title":{"rendered":"F\u00f6rs\u00e4kringar"},"content":{"rendered":"<p><strong>F\u00f6reningsf\u00f6rs\u00e4kring Bas<\/strong><\/p>\n<p>Varje f\u00f6rening ansluten till Cykelf\u00f6rbundet har fr\u00e5n Folksam via RF en grundf\u00f6rs\u00e4kring &#8221;F\u00f6reningsf\u00f6rs\u00e4kring Bas&#8221;. F\u00f6rs\u00e4kringen t\u00e4cker inte olycksfall f\u00f6r de som tr\u00e4nar eller t\u00e4vlar i klubbens regi utan endast f\u00f6r ideella ledare, domare, funktion\u00e4rer och f\u00f6rtroendevalda. F\u00f6r information om vilka som f\u00f6rs\u00e4kringen omfattar, v\u00e4nligen se l\u00e4nk nedan.<\/p>\n<ul>\n<li><a href=\"https:\/\/eur02.safelinks.protection.outlook.com\/?url=https%3A%2F%2Fwww.folksam.se%2Fforsakringar%2Fidrottsforsakring%2Fforsakring-genom-riksidrottsforbundet%2Fgrundforsakring-genom-rf&amp;data=02%7C01%7Cingrid.poulsen%40folksam.se%7C48d3e94b59cf4961991208d72afb4c1d%7C04368cd779db48c2a2431f6c2025dec8%7C0%7C1%7C637025131127163659&amp;sdata=xxSYLpkXYqfU6ROTFm5QGN2m8T31%2B8yGNIT10j%2BLX3k%3D&amp;reserved=0\">RF F\u00f6reningsf\u00f6rs\u00e4kring Bas<\/a><\/li>\n<\/ul>\n<hr \/>\n<p><strong>Olycksfall och ansvar<\/strong><\/p>\n<p>Gjensidige \u00e4r SCF:s f\u00f6rs\u00e4kringsgivare f\u00f6r olycksfall f\u00f6r de som tr\u00e4nar* och t\u00e4vlar* p\u00e5 cykel sedan den 1 januari 2020.<\/p>\n<p>F\u00f6ljande cyklister \u00e4r f\u00f6rs\u00e4krade genom Gjensidige (l\u00e4s <a href=\"http:\/\/www.gjensidige.se\/cykel\">h\u00e4r*<\/a> f\u00f6r fullst\u00e4ndiga, g\u00e4llande villkor):<\/p>\n<ul>\n<li><strong>Ungdomar<\/strong> till och med den 31 december <strong>det \u00e5r de fyller 15 \u00e5r<\/strong> som \u00e4r med i en f\u00f6rening ansluten till Svenska Cykelf\u00f6rbundet.<\/li>\n<li>Cyklister som tecknat <strong>Motionslicens<\/strong> eller <strong>T\u00e4vlingslicens<\/strong> \u00e4r skyddade vid deltagande i sanktionerade lopp och vid tr\u00e4ning.<\/li>\n<li>Cyklister som tecknat <strong>E-cyclinglicens<\/strong> \u00e4r skyddade vid deltagande i virtuella lopp och vid tr\u00e4ning.<\/li>\n<li>Cyklister som tecknat <strong>Eng\u00e5nglicens<\/strong> i sanktionerat lopp (till-, fr\u00e5n- och under loppet).<\/li>\n<li>Deltagare utan licens i sanktionerat motionslopp (till-, fr\u00e5n- och under loppet).<\/li>\n<\/ul>\n<p>Det \u00e4r viktigt att komma ih\u00e5g att det finns begr\u00e4nsningar i olycksfallsf\u00f6rs\u00e4kringen. Det idag finns andra akt\u00f6rer \u00e4n f\u00f6reningar anslutna till SCF som arrangerar cykellopp. Dessa lopp ligger utanf\u00f6r SCF:s omfattning och regelverk vilket inneb\u00e4r att SCF inte har m\u00f6jlighet att st\u00e4lla krav p\u00e5 s\u00e4kerhet och sportsliga f\u00f6ruts\u00e4ttningar. <span style=\"text-decoration: underline;\">D\u00e4rf\u00f6r g\u00e4ller inte heller olycksfallsf\u00f6rs\u00e4kringen som finns i licensen vid deltagande i osanktionerat lopp<\/span>. Kom ocks\u00e5 ih\u00e5g att du med T\u00e4vlingslicens (med UCI\u00a0 ID) riskerar p\u00e5f\u00f6ljder om du v\u00e4ljer att k\u00f6ra ett lopp (oavsett motionslopp eller t\u00e4vling) som inte sanktionerats av SCF om du inte s\u00f6kt och f\u00e5tt beviljad dispens. L\u00e4s mer och s\u00f6k dispens <a href=\"https:\/\/scf.se\/forbundet\/dispensansokan\/\">h\u00e4r<\/a>.<\/p>\n<p>F\u00f6rs\u00e4kringen inneh\u00e5ller ocks\u00e5 ansvarsf\u00f6rs\u00e4kring trafik som g\u00e4ller om annan ansvarsf\u00f6rs\u00e4kring saknas.<\/p>\n<p>F\u00f6rs\u00e4kringsinformation fr\u00e5n 2020-01-01<br \/>\nSvenska Cykelf\u00f6rbundets olycksfallsf\u00f6rs\u00e4kring <a href=\"http:\/\/www.gjensidige.se\/cykel\">www.gjensidige.se\/cykel<\/a><\/p>\n<p>F\u00f6r anm\u00e4lan av skada fr\u00e5n 2020-01-01 <a href=\"http:\/\/www.gjensidige.se\/cykel\">www.gjensidige.se\/cykel<\/a><\/p>\n<p>Kontakt Gjensidige<br \/>\nMail <a href=\"mailto:cykel@gjensidige.se\">cykel@gjensidige.se<\/a><br \/>\nTelefon 0771-326 326<\/p>\n<p><strong>Vad g\u00e4ller d\u00e5 vid en olycksfallsf\u00f6rs\u00e4kring och vad kan man f\u00f6rv\u00e4nta sig f\u00f6r ers\u00e4ttning?<\/strong><\/p>\n<p><strong>Svar:<\/strong> Konsumenternas har gjort ett poddavsnitt om just detta. Lyssna p\u00e5 avsnittet h\u00e4r: <a href=\"https:\/\/soundcloud.com\/forsakringspodden\/olycksfall?utm_source=clipboard&amp;utm_medium=text&amp;utm_campaign=social_sharing\">https:\/\/soundcloud.com\/forsakringspodden\/olycksfall?utm_source=clipboard&amp;utm_medium=text&amp;utm_campaign=social_sharing<\/a><\/p>\n<hr \/>\n<p>Olycksfall som har intr\u00e4ffat f\u00f6re den 1 januari 2020 skall anm\u00e4las till Folksam.<\/p>\n<ul>\n<li><a href=\"https:\/\/eur02.safelinks.protection.outlook.com\/?url=https%3A%2F%2Fwww.folksam.se%2Fforsakringar%2Fidrottsforsakring%2Fcykel&amp;data=02%7C01%7Cingrid.poulsen%40folksam.se%7C48d3e94b59cf4961991208d72afb4c1d%7C04368cd779db48c2a2431f6c2025dec8%7C0%7C1%7C637025131127173649&amp;sdata=170ORlikf1uTjswTnSmmKzSnGJmsBp2SYFv%2BhUXEWvI%3D&amp;reserved=0\">Svenska Cykelf\u00f6rbundets olycksfallsf\u00f6rs\u00e4kring\u00a0<\/a>hos Folksam t.o.m 31 december 2019<\/li>\n<\/ul>\n<p>Kontaktuppgifter Folksam<strong><br \/>\n<\/strong>Information, tfn: 0771 950\u00a0950<\/p>\n","protected":false},"excerpt":{"rendered":"<p>F\u00f6reningsf\u00f6rs\u00e4kring Bas Varje f\u00f6rening ansluten till Cykelf\u00f6rbundet har fr\u00e5n Folksam via RF en grundf\u00f6rs\u00e4kring &#8221;F\u00f6reningsf\u00f6rs\u00e4kring Bas&#8221;. F\u00f6rs\u00e4kringen t\u00e4cker inte olycksfall f\u00f6r de som tr\u00e4nar eller t\u00e4vlar i klubbens regi utan endast f\u00f6r ideella ledare, domare, funktion\u00e4rer och f\u00f6rtroendevalda. F\u00f6r information om vilka som f\u00f6rs\u00e4kringen omfattar, v\u00e4nligen se l\u00e4nk nedan. RF F\u00f6reningsf\u00f6rs\u00e4kring Bas Olycksfall och<a href=\"https:\/\/scf.se\/forbundet\/tavlingsverksamhet\/forsakringar\/\" class=\"news-card__more\"> &#8230;<\/a><\/p>\n","protected":false},"author":32,"featured_media":0,"parent":96,"menu_order":0,"comment_status":"closed","ping_status":"closed","template":"","meta":{"_acf_changed":false,"footnotes":""},"class_list":["post-1828","page","type-page","status-publish","hentry"],"acf":[],"_links":{"self":[{"href":"https:\/\/scf.se\/forbundet\/wp-json\/wp\/v2\/pages\/1828","targetHints":{"allow":["GET"]}}],"collection":[{"href":"https:\/\/scf.se\/forbundet\/wp-json\/wp\/v2\/pages"}],"about":[{"href":"https:\/\/scf.se\/forbundet\/wp-json\/wp\/v2\/types\/page"}],"author":[{"embeddable":true,"href":"https:\/\/scf.se\/forbundet\/wp-json\/wp\/v2\/users\/32"}],"replies":[{"embeddable":true,"href":"https:\/\/scf.se\/forbundet\/wp-json\/wp\/v2\/comments?post=1828"}],"version-history":[{"count":8,"href":"https:\/\/scf.se\/forbundet\/wp-json\/wp\/v2\/pages\/1828\/revisions"}],"predecessor-version":[{"id":10257,"href":"https:\/\/scf.se\/forbundet\/wp-json\/wp\/v2\/pages\/1828\/revisions\/10257"}],"up":[{"embeddable":true,"href":"https:\/\/scf.se\/forbundet\/wp-json\/wp\/v2\/pages\/96"}],"wp:attachment":[{"href":"https:\/\/scf.se\/forbundet\/wp-json\/wp\/v2\/media?parent=1828"}],"curies":[{"name":"wp","href":"https:\/\/api.w.org\/{rel}","templated":true}]}}