
{"id":1724,"date":"2016-11-03T17:40:28","date_gmt":"2016-11-03T16:40:28","guid":{"rendered":"http:\/\/scf.se\/forbundet\/?page_id=1724"},"modified":"2016-11-03T17:40:28","modified_gmt":"2016-11-03T16:40:28","slug":"skovde-ck","status":"publish","type":"page","link":"https:\/\/scf.se\/forbundet\/ungdomsforeningar\/skovde-ck\/","title":{"rendered":"Sk\u00f6vde CK, ungdomsf\u00f6rening december 2015"},"content":{"rendered":"<p><strong>Ber\u00e4tta kort om\u00a0Sk\u00f6vde CK!<br \/>\n<\/strong>Sk\u00f6vde Cykelklubb \u00e4r en av Skaraborgs st\u00f6rsta cykelklubbar med anor s\u00e5 l\u00e5ngt tillbaka som till 1920-talet. Sk\u00f6vde CK har en bred verksamhet, men MTB \u00e4r den gren som v\u00e4xer snabbast med en allt st\u00f6rre ungdomsverksamhet. Sk\u00f6vde CK har ocks\u00e5 genom \u00e5ren fostrat storstj\u00e4rnor som Erik Jung\u00e5ker. Framtiden ser mycket ljus ut, vi har ett nystartat elitlag inf\u00f6r 2016 som driver hela klubben fram\u00e5t. Vi har ocks\u00e5 en nystartad ungdomssektion som fylls p\u00e5 med nya ungdomsledare.<\/p>\n<p>Vi vill att Sk\u00f6vde CK skall ha en social atmosf\u00e4r, d\u00e4r alla k\u00e4nner sig v\u00e4lkomna. Vi vill ocks\u00e5 hela tiden utveckla verksamheten med nya sp\u00e4nnande arrangemang, som PostNordtrampet for Kids, m\u00f6rkertr\u00e4ningar och tomtecykling.<\/p>\n<p><strong>Hur m\u00e5nga medlemmar har ni?<br \/>\n<\/strong>Vi har \u00f6ver 300 medlemmar totalt, varav cirka 80 \u00e4r registrerade ungdomar. Av dessa \u00e4r det omkring 45 stycken som deltar p\u00e5 tr\u00e4ningarna. F\u00f6reningen v\u00e4xer stadigt med nya medlemmar, b\u00e5de ungdomar och vuxna.<\/p>\n<p><strong>Ber\u00e4tta om ert smartaste tips f\u00f6r att rekrytera nya ungdomar till er verksamhet<br \/>\n<\/strong>Genomf\u00f6ra en ungdomsverksamhet som har \u201dh\u00e4r och nu\u201d k\u00e4nsla, men som ocks\u00e5 \u00e4r utmanande f\u00f6r alla ungdomar oavsett niv\u00e5 och ambition. Skapa lite annorlunda arrangemang p\u00e5 lite udda platser, g\u00e4rna tillsammans med andra intressenter och f\u00f6reningar. Nyt\u00e4nkande \u00e4r bra.<\/p>\n<p><strong>Vad \u00e4r det som g\u00f6r att ungdomarna tycker det \u00e4r s\u00e5 kul att vara med i just er f\u00f6rening?<br \/>\n<\/strong>Vi i Sk\u00f6vde CK har engagerade ungdomsledare som inte bara \u00e4r duktiga tr\u00e4nare utan ocks\u00e5 v\u00e4ldigt sociala. Vi s\u00f6ker hela tiden efter aktiviteter som g\u00f6r att mtb-cyklingen upplevs s\u00e5 rolig som den faktiskt \u00e4r. De barn\/ungdomar som har t\u00e4vlingsambitioner ges m\u00f6jlighet att utveckas och de barn\/ungdomar som \u00e4r med bara f\u00f6r att det \u00e4r skoj \u00e4r precis lika v\u00e4lkomna. Alla skall k\u00e4nna att de har lika v\u00e4rde. Vi har ocks\u00e5 genomf\u00f6rt ett antal arrangemang f\u00f6rutom tr\u00e4ningen. Posttrampet for Kids, Cykelvasan f\u00f6r barn och ett antal tr\u00e4ningar tillsammans med \u00f6vriga Skaraborgsf\u00f6reningar. B\u00e5de dagsk\u00f6rningar och m\u00f6rkerk\u00f6rningar med pannlampa \u00e4r v\u00e4ldigt uppskattade bland ungdomarna. Under v\u00e5ren 2016 planerar vi just nu ett tr\u00e4ningsl\u00e4ger f\u00f6r hela klubben i \u00c5hus. Ett samarbete har startats med CKC4 och ev Kristianstads CK som kommer att agera guider \u00e5t oss.<\/p>\n<a href=\"https:\/\/scf.se\/forbundet\/wp-content\/uploads\/sites\/9\/2016\/11\/Sk\u00f6vde-CK.jpg\"><img loading=\"lazy\" decoding=\"async\" class=\"size-full wp-image-1870\" src=\"https:\/\/scf.se\/forbundet\/wp-content\/uploads\/sites\/9\/2016\/11\/Sk\u00f6vde-CK.jpg\" alt=\"SK\u00f6vde CK, SCF ungdsomsf\u00f6rening\" width=\"782\" height=\"520\" srcset=\"https:\/\/scf.se\/forbundet\/wp-content\/uploads\/sites\/9\/2016\/11\/Sk\u00f6vde-CK.jpg 782w, https:\/\/scf.se\/forbundet\/wp-content\/uploads\/sites\/9\/2016\/11\/Sk\u00f6vde-CK-300x199.jpg 300w, https:\/\/scf.se\/forbundet\/wp-content\/uploads\/sites\/9\/2016\/11\/Sk\u00f6vde-CK-768x511.jpg 768w\" sizes=\"auto, (max-width: 782px) 100vw, 782px\" \/><\/a>\n<p><strong>Hur utvecklar ni era ungdomsledare till att bli \u00e4nnu b\u00e4ttre p\u00e5 vad de g\u00f6r och tycka att det \u00e4r kul att tr\u00e4na era h\u00e4rliga ungdomar?<br \/>\n<\/strong>Vi ungdomsledare har en \u00f6ppen dialog och ett bra samarbete. Alla ungdomsledares ideer \u00e4r lika mycket v\u00e4rda. Vi drar nytta av varandras styrkor och erfarenheter, alla ledare skall k\u00e4nna sig involverade och delaktiga i ungdomsverksamheten. Vi har inf\u00f6r 2016 kontaktat SISU idrottsutbildarna och startat upp ett samarbete. En av l\u00e4rgrupperna ber\u00f6r den nystartade ungdomssektionen. SISU hj\u00e4lper oss med utbildningar och utbildningsmaterial och m\u00f6jlighet att s\u00f6ka medel till v\u00e5r verksamhet. Vi kommer att delta i SCF s utbildning i Sk\u00f6vde i januari 2016. Elitlaget \u00e4r involverat i ungdomstr\u00e4ningen och bidrar med f\u00f6rslag och visar olika \u00f6vningar.<\/p>\n<p><strong>Ber\u00e4tta hur ett tr\u00e4ningspass tillsammans med ungdomarna kan g\u00e5 till.<br \/>\n<\/strong>Vi har delat upp ungdomarna i fyra grupper efter f\u00e4rdighet. Grupperna tr\u00e4nar p\u00e5 olika slingor som passar ungdomarnas teknikniv\u00e5. Men det h\u00e4nder ocks\u00e5 att samtliga ungdomar tr\u00e4nar samma \u00f6vningar f\u00f6r att st\u00e4rka gemenskapen. En styrka eftersom ungdomarna flyttas i grupperna n\u00e4r f\u00f6rm\u00e5gan h\u00f6js. Sedan i h\u00f6stas har ocks\u00e5 elitcyklisterna i teamet deltagit p\u00e5 ungdomstr\u00e4ningarna. Det har varit mycket positivt och det samarbetet kommer vi att utveckla ytterligare under 2016.<\/p>\n<p><strong>Ber\u00e4tta om en aktivitet ni g\u00f6r i f\u00f6reningen som sticker ut<br \/>\n<\/strong>Vi g\u00f6r en hel del saker som sticker ut. Exempelvis arrangerade vi Posttrampet for Kids mitt i Sk\u00f6vde City i kyrkparken tillsammans med Sk\u00f6vde Cityf\u00f6rening, Sportson Sk\u00f6vde och Billingens ekonomiska f\u00f6rening. Detta samarbete f\u00f6ll mycket v\u00e4l ut och det kommer vi att forts\u00e4tta med 2016. Vi kommer att tr\u00e4ffa de andra intressenterna f\u00f6r att diskutera hur vi kan utveckla Posttrampet for Kids ytterligare. <a href=\"http:\/\/www.sla.se\/skovde\/2015\/09\/05\/cykelfest-i-kyrkparken\">L\u00e4s om arrangemanget h\u00e4r<\/a>.<\/p>\n<p><strong>Ber\u00e4tta om klubbens roligaste och galnaste cykelminne!<br \/>\n<\/strong>Det m\u00e5ste bli en tr\u00e4ning i v\u00e5ras n\u00e4r antalet deltagare \u00f6kade med 100%. Organiserat kaos \ud83d\ude42 !<\/p>\n<p><strong>Om er f\u00f6rening styrde hela cykelf\u00f6rbundet f\u00f6r en dag, vad skulle ni g\u00f6ra d\u00e5?<br \/>\n<\/strong>Arrangera uppvisningsrace p\u00e5 flera platser i Sverige med m\u00f6jlighet f\u00f6r speciellt barn\/ungdomar att prata och cykla med Sveriges cykelstj\u00e4rnor, dessutom ges m\u00f6jlighet att provcykla de ledande cykelm\u00e4rkena.<\/p>\n","protected":false},"excerpt":{"rendered":"<p>Ber\u00e4tta kort om\u00a0Sk\u00f6vde CK! Sk\u00f6vde Cykelklubb \u00e4r en av Skaraborgs st\u00f6rsta cykelklubbar med anor s\u00e5 l\u00e5ngt tillbaka som till 1920-talet. Sk\u00f6vde CK har en bred verksamhet, men MTB \u00e4r den gren som v\u00e4xer snabbast med en allt st\u00f6rre ungdomsverksamhet. Sk\u00f6vde CK har ocks\u00e5 genom \u00e5ren fostrat storstj\u00e4rnor som Erik Jung\u00e5ker. Framtiden ser mycket ljus<a href=\"https:\/\/scf.se\/forbundet\/ungdomsforeningar\/skovde-ck\/\" class=\"news-card__more\"> &#8230;<\/a><\/p>\n","protected":false},"author":2,"featured_media":0,"parent":507,"menu_order":0,"comment_status":"closed","ping_status":"closed","template":"","meta":{"_acf_changed":false,"footnotes":""},"class_list":["post-1724","page","type-page","status-publish","hentry"],"acf":[],"_links":{"self":[{"href":"https:\/\/scf.se\/forbundet\/wp-json\/wp\/v2\/pages\/1724","targetHints":{"allow":["GET"]}}],"collection":[{"href":"https:\/\/scf.se\/forbundet\/wp-json\/wp\/v2\/pages"}],"about":[{"href":"https:\/\/scf.se\/forbundet\/wp-json\/wp\/v2\/types\/page"}],"author":[{"embeddable":true,"href":"https:\/\/scf.se\/forbundet\/wp-json\/wp\/v2\/users\/2"}],"replies":[{"embeddable":true,"href":"https:\/\/scf.se\/forbundet\/wp-json\/wp\/v2\/comments?post=1724"}],"version-history":[{"count":0,"href":"https:\/\/scf.se\/forbundet\/wp-json\/wp\/v2\/pages\/1724\/revisions"}],"up":[{"embeddable":true,"href":"https:\/\/scf.se\/forbundet\/wp-json\/wp\/v2\/pages\/507"}],"wp:attachment":[{"href":"https:\/\/scf.se\/forbundet\/wp-json\/wp\/v2\/media?parent=1724"}],"curies":[{"name":"wp","href":"https:\/\/api.w.org\/{rel}","templated":true}]}}