
{"id":17,"date":"2024-12-16T07:21:00","date_gmt":"2024-12-16T06:21:00","guid":{"rendered":"http:\/\/svenskcykel.grandpublic.se\/forbundet\/?page_id=17"},"modified":"2024-12-16T12:44:18","modified_gmt":"2024-12-16T11:44:18","slug":"vaccinera-klubben","status":"publish","type":"page","link":"https:\/\/scf.se\/forbundet\/tavlingsverksamhet\/antidoping\/vaccinera-klubben\/","title":{"rendered":"Vaccinera klubben"},"content":{"rendered":"<div class=\"single-card__title\">\n<p>Har din f\u00f6rening koll p\u00e5 dopingproblematiken?<\/p>\n<\/div>\n<blockquote><p>Alldeles f\u00f6r f\u00e5 cykelf\u00f6reningar har en godk\u00e4nd handlingsplan f\u00f6r att motverka doping. Som alla f\u00f6reningar b\u00f6r k\u00e4nna till har Antidoping Sverige tagit fram programmet <a href=\"https:\/\/www.vaccineraklubben.se\/\">Vaccinera klubben<\/a>\u00a0f\u00f6r att underl\u00e4tta f\u00f6r f\u00f6reningarna att skapa egna handlingsprogram mot doping.<\/p><\/blockquote>\n<p>G\u00f6r f\u00f6reningen n\u00e5got f\u00f6r att aktivt motverka doping? Har f\u00f6reningen beredskap f\u00f6r hur man ska agera om ett \u00e4rende intr\u00e4ffar i f\u00f6reningen?<br \/>\nDet \u00e4r l\u00e4nge sedan vi hade n\u00e5got doping\u00e4rende och alla m\u00e5ste arbeta f\u00f6r att det ska forts\u00e4tta s\u00e5. M\u00e5nga aktiviteter i klubbarna g\u00e5r p\u00e5 sparl\u00e5ga i dessa dagar, s\u00e5 passa p\u00e5 att ta tag i denna fr\u00e5ga nu. Det g\u00e5r alldeles utm\u00e4rkt att ha en diskussion i f\u00f6reningen via olika video-l\u00f6sningar.<\/p>\n<p>Vaccinationen \u00e4r en god investering som st\u00e4rker f\u00f6reningens trov\u00e4rdighet mot kommun, media och sponsorer och som kan anv\u00e4ndas vid marknadsf\u00f6ring och rekrytering av ledare och medlemmar. Vaccinationen g\u00e4ller i tre \u00e5r. Om ni vill f\u00e5 hj\u00e4lp av en processledare genom sj\u00e4lva vaccinationen s\u00e5 kan \u00e4ven\u00a0<a title=\"SISU Idrottsutbildarna\" href=\"https:\/\/www.sisuidrottsutbildarna.se\/\" target=\"_blank\" rel=\"noopener noreferrer\">SISU-distriktet<\/a>\u00a0hj\u00e4lpa till.<\/p>\n<p>Om ni har funderingar \u2013 kontakta mig g\u00e4rna p\u00e5\u00a0<a href=\"mailto:ulf.naslund@scf.se\">ulf.naslund@scf.se<\/a><\/p>\n<p>L\u00e4s mer om hur du g\u00f6r f\u00f6r att vaccinera din klubb p\u00e5 <a href=\"https:\/\/www.vaccineraklubben.se\/\">vaccineraklubben.se\u00a0<\/a><\/p>\n","protected":false},"excerpt":{"rendered":"<p>Har din f\u00f6rening koll p\u00e5 dopingproblematiken? Alldeles f\u00f6r f\u00e5 cykelf\u00f6reningar har en godk\u00e4nd handlingsplan f\u00f6r att motverka doping. Som alla f\u00f6reningar b\u00f6r k\u00e4nna till har Antidoping Sverige tagit fram programmet Vaccinera klubben\u00a0f\u00f6r att underl\u00e4tta f\u00f6r f\u00f6reningarna att skapa egna handlingsprogram mot doping. G\u00f6r f\u00f6reningen n\u00e5got f\u00f6r att aktivt motverka doping? Har f\u00f6reningen beredskap f\u00f6r<a href=\"https:\/\/scf.se\/forbundet\/tavlingsverksamhet\/antidoping\/vaccinera-klubben\/\" class=\"news-card__more\"> &#8230;<\/a><\/p>\n","protected":false},"author":32,"featured_media":0,"parent":21,"menu_order":0,"comment_status":"closed","ping_status":"closed","template":"","meta":{"_acf_changed":false,"footnotes":""},"class_list":["post-17","page","type-page","status-publish","hentry"],"acf":[],"_links":{"self":[{"href":"https:\/\/scf.se\/forbundet\/wp-json\/wp\/v2\/pages\/17","targetHints":{"allow":["GET"]}}],"collection":[{"href":"https:\/\/scf.se\/forbundet\/wp-json\/wp\/v2\/pages"}],"about":[{"href":"https:\/\/scf.se\/forbundet\/wp-json\/wp\/v2\/types\/page"}],"author":[{"embeddable":true,"href":"https:\/\/scf.se\/forbundet\/wp-json\/wp\/v2\/users\/32"}],"replies":[{"embeddable":true,"href":"https:\/\/scf.se\/forbundet\/wp-json\/wp\/v2\/comments?post=17"}],"version-history":[{"count":4,"href":"https:\/\/scf.se\/forbundet\/wp-json\/wp\/v2\/pages\/17\/revisions"}],"predecessor-version":[{"id":9333,"href":"https:\/\/scf.se\/forbundet\/wp-json\/wp\/v2\/pages\/17\/revisions\/9333"}],"up":[{"embeddable":true,"href":"https:\/\/scf.se\/forbundet\/wp-json\/wp\/v2\/pages\/21"}],"wp:attachment":[{"href":"https:\/\/scf.se\/forbundet\/wp-json\/wp\/v2\/media?parent=17"}],"curies":[{"name":"wp","href":"https:\/\/api.w.org\/{rel}","templated":true}]}}