
{"id":154,"date":"2025-05-06T07:05:46","date_gmt":"2025-05-06T05:05:46","guid":{"rendered":"http:\/\/svenskcykel.grandpublic.se\/forbundet\/?page_id=154"},"modified":"2025-11-28T14:31:59","modified_gmt":"2025-11-28T13:31:59","slug":"kalender","status":"publish","type":"page","link":"https:\/\/scf.se\/forbundet\/kalender\/","title":{"rendered":"Kalender"},"content":{"rendered":"<h3><a href=\"http:\/\/www.swecyclingonline.se\"><img loading=\"lazy\" decoding=\"async\" class=\"alignnone size-full wp-image-10351\" src=\"https:\/\/scf.se\/forbundet\/wp-content\/uploads\/sites\/9\/2025\/05\/Kalender-skarmdump.jpg\" alt=\"\" width=\"1138\" height=\"330\" srcset=\"https:\/\/scf.se\/forbundet\/wp-content\/uploads\/sites\/9\/2025\/05\/Kalender-skarmdump.jpg 1138w, https:\/\/scf.se\/forbundet\/wp-content\/uploads\/sites\/9\/2025\/05\/Kalender-skarmdump-300x87.jpg 300w, https:\/\/scf.se\/forbundet\/wp-content\/uploads\/sites\/9\/2025\/05\/Kalender-skarmdump-1024x297.jpg 1024w, https:\/\/scf.se\/forbundet\/wp-content\/uploads\/sites\/9\/2025\/05\/Kalender-skarmdump-768x223.jpg 768w\" sizes=\"auto, (max-width: 1138px) 100vw, 1138px\" \/><\/a><\/h3>\n<h3 class=\"\" data-start=\"85\" data-end=\"144\"><strong data-start=\"89\" data-end=\"144\">Swecyclingonline \u2013 Den officiella evenemangskalendern f\u00f6r cykellopp<\/strong><\/h3>\n<p class=\"\" data-start=\"146\" data-end=\"458\">Svenska Cykelf\u00f6rbundet ansvarar f\u00f6r att administrera och samordna b\u00e5de nationella och lokala t\u00e4vlingar samt motionslopp inom svensk cykelsport. Den officiella evenemangskalendern, <strong data-start=\"326\" data-end=\"346\">Swecyclingonline<\/strong>, ger en tydlig \u00f6versikt \u00f6ver samtliga arrangemang och kan enkelt filtreras utifr\u00e5n distrikt, kategori och gren.<\/p>\n<p class=\"\" data-start=\"460\" data-end=\"525\"><a href=\"http:\/\/www.swecyclingonline.se\">Till Svenska Cykelf\u00f6rbundets kalender \u2013 Swecyclingonline!<\/a><\/p>\n<h3 class=\"\" data-start=\"532\" data-end=\"603\"><strong data-start=\"536\" data-end=\"603\">M\u00e4sterskapskalender<\/strong><\/h3>\n<p class=\"\" data-start=\"605\" data-end=\"868\">Svenska Cykelf\u00f6rbundet \u00e4r \u00e5rligen medarrang\u00f6r till cirka 16 nationella m\u00e4sterskap inom samtliga olika discipliner.<\/p>\n<p class=\"\" data-start=\"1003\" data-end=\"1049\"><a class=\"\" href=\"https:\/\/scf.se\/forbundet\/masterskapskalender\/\" rel=\"noopener\" data-start=\"1006\" data-end=\"1049\">H\u00e4r hittar du v\u00e5r m\u00e4sterskapskalender!<\/a><\/p>\n<h3 class=\"\" data-start=\"200\" data-end=\"276\"><strong data-start=\"204\" data-end=\"276\">Svenska Cykelf\u00f6rbundets ansvar f\u00f6r SWE Cup och nationella m\u00e4sterskap<\/strong><\/h3>\n<p class=\"\" data-start=\"278\" data-end=\"519\">Svenska Cykelf\u00f6rbundet har det \u00f6vergripande ansvaret f\u00f6r att planera och administrera <strong data-start=\"364\" data-end=\"384\">SWE Cup-serierna<\/strong> inom flera av cykelsportens grenar: <strong data-start=\"423\" data-end=\"519\">bana, BMX, cykelcross, e-cycling, gravel, landsv\u00e4g, MTB enduro, MTB XCO, paracykel <\/strong>och<strong data-start=\"423\" data-end=\"519\"> trial.<\/strong><\/p>\n<p class=\"\" data-start=\"521\" data-end=\"757\">Ut\u00f6ver SWE Cup organiserar och koordinerar f\u00f6rbundet \u00e4ven <strong data-start=\"579\" data-end=\"627\">alla discipliners nationella m\u00e4sterskap (SM)<\/strong>, vilket \u00e4r en central del i utvecklingen av svensk cykelsport och f\u00f6r att ge v\u00e5ra aktiva en tydlig t\u00e4vlingsstruktur p\u00e5 hemmaplan.<\/p>\n<h4 class=\"\" data-start=\"759\" data-end=\"808\"><strong data-start=\"764\" data-end=\"808\">Planeringen kr\u00e4ver omfattande samordning<\/strong><\/h4>\n<p class=\"\" data-start=\"810\" data-end=\"915\">Att s\u00e4tta samman en kalender f\u00f6r SWE Cup och SM inneb\u00e4r ett stort pussel. F\u00f6rbundet m\u00e5ste ta h\u00e4nsyn till:<\/p>\n<ul data-start=\"917\" data-end=\"1156\">\n<li class=\"\" data-start=\"917\" data-end=\"976\">\n<p class=\"\" data-start=\"919\" data-end=\"976\"><strong data-start=\"919\" data-end=\"957\">UCI:s officiella m\u00e4sterskapshelger<\/strong> f\u00f6r vissa grenar<\/p>\n<\/li>\n<li class=\"\" data-start=\"977\" data-end=\"1036\">\n<p class=\"\" data-start=\"979\" data-end=\"1036\"><strong data-start=\"979\" data-end=\"1025\">V\u00e4rldscuper och internationella m\u00e4sterskap<\/strong> (EM, VM)<\/p>\n<\/li>\n<li class=\"\" data-start=\"1037\" data-end=\"1104\">\n<p class=\"\" data-start=\"1039\" data-end=\"1104\"><strong data-start=\"1039\" data-end=\"1072\">St\u00f6rre nationella arrangemang<\/strong>, s\u00e5som etablerade motionslopp<\/p>\n<\/li>\n<li class=\"\" data-start=\"1105\" data-end=\"1156\">\n<p class=\"\" data-start=\"1107\" data-end=\"1156\"><strong data-start=\"1107\" data-end=\"1156\">Lokala och regionala \u00f6nskem\u00e5l fr\u00e5n arrang\u00f6rer<\/strong><\/p>\n<\/li>\n<\/ul>\n<h3 class=\"\" data-start=\"130\" data-end=\"175\"><strong data-start=\"134\" data-end=\"175\">Kalenderplanering och t\u00e4vlingskrockar<\/strong><\/h3>\n<p class=\"\" data-start=\"177\" data-end=\"468\">Vi f\u00f6rst\u00e5r att det skapar frustration n\u00e4r lopp krockar \u2013 oavsett om det handlar om SM, SWE Cup eller att ett st\u00f6rre motionslopp sammanfaller med en t\u00e4vling. Det \u00e4r naturligtvis inget vi efterstr\u00e4var. Samtidigt \u00e4r kalenderplaneringen en komplex process d\u00e4r m\u00e5nga faktorer m\u00e5ste v\u00e4gas in.<\/p>\n<h4 class=\"\" data-start=\"470\" data-end=\"525\"><strong data-start=\"475\" data-end=\"525\">Ett pussel av discipliner, cuper och evenemang<\/strong><\/h4>\n<p class=\"\" data-start=\"527\" data-end=\"902\">Vi str\u00e4var efter att minimera krockar mellan utvalda discipliner, s\u00e5som landsv\u00e4g, MTB XCO och enduro. \u00c4ven andra discipliner som pumptrack, Downhill, eller MTB XCM, gravel och XCE SM tas i beaktande. Varje gren har dessutom sina unika utmaningar och h\u00e4nsyn att ta. Inom MTB XCO arbetas det exempelvis aktivt f\u00f6r att undvika \u00f6verlapp med L\u00e5ngloppscupen, Cykelvasan, XCE och XCM SM.<\/p>\n<p class=\"\" data-start=\"904\" data-end=\"1229\">D\u00e4rtill p\u00e5verkar internationella t\u00e4vlingskalendrar planeringen, s\u00e5som v\u00e4rldscuper, EM, VM och st\u00f6rre nordiska t\u00e4vlingar. I vissa fall \u00e4r disciplinen \u00e4ven beroende av tillg\u00e5ng till specifika anl\u00e4ggningar \u2013 exempelvis liftburen verksamhet \u2013 vilket i praktiken begr\u00e4nsar m\u00f6jliga arrangemangsdatum till utanf\u00f6r anl\u00e4ggningens h\u00f6gs\u00e4song.<\/p>\n<p class=\"\" data-start=\"1231\" data-end=\"1459\">Vid SM-t\u00e4vlingar beh\u00f6ver vi dessutom ta s\u00e4rskild h\u00e4nsyn till internationella scheman f\u00f6r att s\u00e4kerst\u00e4lla att v\u00e5ra fr\u00e4msta cyklister har m\u00f6jlighet att delta. Det g\u00f6r att antalet m\u00f6jliga helger f\u00f6r vissa arrangemang krymper ytterligare.<\/p>\n<h4 class=\"\" data-start=\"1461\" data-end=\"1522\"><strong data-start=\"1466\" data-end=\"1522\">Arrang\u00f6rernas lokala f\u00f6ruts\u00e4ttningar spelar ocks\u00e5 in<\/strong><\/h4>\n<p class=\"\" data-start=\"1524\" data-end=\"1787\">Varje arrang\u00f6r har unika f\u00f6ruts\u00e4ttningar och \u00f6nskem\u00e5l som m\u00e5ste beaktas. Det kan handla om tillg\u00e5ng till arena eller anl\u00e4ggning, preferenser kring s\u00e4song \u2013 exempelvis att arrangera p\u00e5 v\u00e5ren \u2013 eller att undvika sommarlovet d\u00e5 m\u00e5nga fr\u00e5n f\u00f6reningen (funktion\u00e4rer) kan vara bortresta.<\/p>\n<p class=\"\" data-start=\"1789\" data-end=\"1961\">I teorin finns cirka 28 helger mellan april och oktober att f\u00f6rdela t\u00e4vlingar p\u00e5, men i praktiken konkurrerar vi om betydligt f\u00e4rre helger p\u00e5 grund av ovanst\u00e5ende faktorer.<\/p>\n<h4 class=\"\" data-start=\"1963\" data-end=\"2008\"><strong data-start=\"1968\" data-end=\"2008\">Vi jobbar st\u00e4ndigt med f\u00f6rb\u00e4ttringar<\/strong><\/h4>\n<p class=\"\" data-start=\"2010\" data-end=\"2374\">Svenska Cykelf\u00f6rbundet och v\u00e5ra ideellt engagerade grengruppsmedlemmar l\u00e4gger mycket tid och engagemang p\u00e5 att skapa b\u00e4sta m\u00f6jliga f\u00f6ruts\u00e4ttningar f\u00f6r svensk cykelsport. Vi arbetar aktivt med att minska antalet krockar, och inf\u00f6r s\u00e4songen 2026 f\u00f6rs exempelvis diskussioner om att inf\u00f6ra fasta helger f\u00f6r utvalda SWE Cup \u2013 just p\u00e5 grund av de utmaningar som beskrivits h\u00e4r.<\/p>\n<p class=\"\" data-start=\"2376\" data-end=\"2449\">Trots detta kommer det tyv\u00e4rr inte vara m\u00f6jligt att helt undvika krockar.<\/p>\n<h4 class=\"\" data-start=\"2451\" data-end=\"2499\"><strong data-start=\"2456\" data-end=\"2499\">Vill du bidra till en b\u00e4ttre planering?<\/strong><\/h4>\n<p class=\"\" data-start=\"2501\" data-end=\"2776\">Vi uppskattar det engagemang som finns f\u00f6r att f\u00f6rb\u00e4ttra t\u00e4vlingsplaneringen. Vill du delta i en konstruktiv dialog om hur vi tillsammans kan utveckla arbetet fram\u00e5t \u2013 tveka inte att h\u00f6ra av dig! Kontakta oss g\u00e4rna p\u00e5 <strong data-start=\"2719\" data-end=\"2736\"><a class=\"cursor-pointer\" rel=\"noopener\" data-start=\"2721\" data-end=\"2734\">kansli@scf.se<\/a><\/strong> eller direkt till respektive grengrupp.<\/p>\n<p class=\"\" data-start=\"2778\" data-end=\"2883\">\ud83d\udc49 <a class=\"cursor-pointer\" href=\"https:\/\/scf.se\/forbundet\/om-forbundet\/grengrupper-och-kommitteer\/\" target=\"_new\" rel=\"noopener\" data-start=\"2781\" data-end=\"2883\">Grengrupper och kommitt\u00e9er \u2013 Svenska Cykelf\u00f6rbundet<\/a><\/p>\n","protected":false},"excerpt":{"rendered":"<p>Swecyclingonline \u2013 Den officiella evenemangskalendern f\u00f6r cykellopp Svenska Cykelf\u00f6rbundet ansvarar f\u00f6r att administrera och samordna b\u00e5de nationella och lokala t\u00e4vlingar samt motionslopp inom svensk cykelsport. Den officiella evenemangskalendern, Swecyclingonline, ger en tydlig \u00f6versikt \u00f6ver samtliga arrangemang och kan enkelt filtreras utifr\u00e5n distrikt, kategori och gren. Till Svenska Cykelf\u00f6rbundets kalender \u2013 Swecyclingonline! M\u00e4sterskapskalender Svenska Cykelf\u00f6rbundet<a href=\"https:\/\/scf.se\/forbundet\/kalender\/\" class=\"news-card__more\"> &#8230;<\/a><\/p>\n","protected":false},"author":32,"featured_media":5087,"parent":0,"menu_order":0,"comment_status":"closed","ping_status":"closed","template":"","meta":{"_acf_changed":false,"footnotes":""},"class_list":["post-154","page","type-page","status-publish","hentry"],"acf":[],"_links":{"self":[{"href":"https:\/\/scf.se\/forbundet\/wp-json\/wp\/v2\/pages\/154","targetHints":{"allow":["GET"]}}],"collection":[{"href":"https:\/\/scf.se\/forbundet\/wp-json\/wp\/v2\/pages"}],"about":[{"href":"https:\/\/scf.se\/forbundet\/wp-json\/wp\/v2\/types\/page"}],"author":[{"embeddable":true,"href":"https:\/\/scf.se\/forbundet\/wp-json\/wp\/v2\/users\/32"}],"replies":[{"embeddable":true,"href":"https:\/\/scf.se\/forbundet\/wp-json\/wp\/v2\/comments?post=154"}],"version-history":[{"count":25,"href":"https:\/\/scf.se\/forbundet\/wp-json\/wp\/v2\/pages\/154\/revisions"}],"predecessor-version":[{"id":11233,"href":"https:\/\/scf.se\/forbundet\/wp-json\/wp\/v2\/pages\/154\/revisions\/11233"}],"wp:featuredmedia":[{"embeddable":true,"href":"https:\/\/scf.se\/forbundet\/wp-json\/wp\/v2\/media\/5087"}],"wp:attachment":[{"href":"https:\/\/scf.se\/forbundet\/wp-json\/wp\/v2\/media?parent=154"}],"curies":[{"name":"wp","href":"https:\/\/api.w.org\/{rel}","templated":true}]}}