
{"id":1299,"date":"2016-04-06T10:14:22","date_gmt":"2016-04-06T08:14:22","guid":{"rendered":"http:\/\/scf.se\/forbundet\/?page_id=1299"},"modified":"2017-11-20T10:12:25","modified_gmt":"2017-11-20T09:12:25","slug":"mal-och-plan-for-elit-och-landslagsverksamhet","status":"publish","type":"page","link":"https:\/\/scf.se\/forbundet\/mal-och-plan-for-elit-och-landslagsverksamhet\/","title":{"rendered":"M\u00e5l och plan f\u00f6r Elitverksamhet"},"content":{"rendered":"<p>mars, 2016<\/p>\n<h3><strong>Elit och Landslagsverksamhetens syfte<\/strong><\/h3>\n<p>Elit och landslagsorganisationen ansvarar f\u00f6r ledning och utveckling av elit- och landslagsverksamheten inom svensk cykelsport. Internationella framg\u00e5ngar med stj\u00e4rnor som vinner medaljer eller n\u00e5r framg\u00e5ngar vid stora t\u00e4vlingar skapar ett st\u00f6rre medialt intresse f\u00f6r cykelsporten och ger framtida talanger goda f\u00f6rebilder att inspireras av. Det utg\u00f6r ocks\u00e5 en viktig inspirationsk\u00e4lla f\u00f6r alla ideella ledare och landslagsverksamheten bidrar p\u00e5 s\u00e5 s\u00e4tt till framtida rekrytering till cykelsporten. D\u00e4rf\u00f6r ska vi arbeta f\u00f6r att \u00e5stadkomma en framg\u00e5ngsrik landslagsverksamhet s\u00e5v\u00e4l p\u00e5 kort sikt som p\u00e5 l\u00e5ng sikt.<\/p>\n<p>2016 ska vi forts\u00e4tta att f\u00f6lja upp, utbilda och utveckla v\u00e5ra yngre landslagscyklister genom att fokusera p\u00e5 tr\u00e4ning och den sociala situationen i kombination med internationellt t\u00e4vlande. Vi beh\u00f6ver ocks\u00e5 forts\u00e4tta att f\u00f6rst\u00e4rka och utveckla p\u00e5 ledarsidan f\u00f6r att kunna bedriva landslagsverksamheten med h\u00f6g kvalitet. Arbetet med att bibeh\u00e5lla och utveckla en bra ledarstab m\u00e5ste ske kontinuerligt.<\/p>\n<h3>Elit och landslagsverksamhetens m\u00e5l<\/h3>\n<p>Vi arbetar mot det l\u00e5ngsiktiga m\u00e5let att ta medaljer i EM och VM samt Paralympics\/ OS 2020. \u00c5r 2016 ska vi verka f\u00f6r att ge v\u00e5ra unga landslagscyklister internationell erfarenhet och kvalificera alla klasser till varje m\u00e4sterskap i samtliga grenar. Under f\u00f6ruts\u00e4ttning att vi har kvalificerade cyklister (dvs. har en realistisk chans att uppn\u00e5 v\u00e5ra resultatm\u00e5l) medverka i m\u00e4sterskapst\u00e4vlingar i samtliga grenar i junior och senior.<\/p>\n<h3>Verksamhetsomr\u00e5dets roll<\/h3>\n<p>Elit och landslagsverksamheten ansvarar f\u00f6r den representationsverksamhet som bedrivs i Svenska Cykelf\u00f6rbundets regi inom Bancykel, BMX, Cykelcross, Landsv\u00e4g, Mountainbike, Paracykel och Trial.<\/p>\n<p>Vi deltar i internationella m\u00e4sterskap och andra internationella t\u00e4vlingar med inriktning p\u00e5, dels att n\u00e5 v\u00e5ra resultatm\u00e5l p\u00e5 kort och l\u00e5ng sikt samt att f\u00f6rbereda och utveckla cyklister mot toppen.<\/p>\n<p>Vi ska fortsatt verka f\u00f6r ett \u00f6kat svenskt deltagande i internationella t\u00e4vlingar f\u00f6r f\u00f6reningar och distrikt inom bancykel, BMX, Cykelcross, Landsv\u00e4g, Mountainbike, Paracykel och Trial.<\/p>\n<p>Vi ska kontinuerligt utbyta erfarenheter och medverka i internationellt samarbete till gagn f\u00f6r cykelsportens utveckling. Vi ska verka f\u00f6r en h\u00f6g kvalit\u00e9 p\u00e5 verksamheten vid v\u00e5ra utbildningsmilj\u00f6er som Cykelgymnasiet i Skara liksom v\u00e5ra NIU gymnasier\u00a0samt h\u00f6gskolor som Dala Sports Academy och Campus Sweden samt \u00f6vriga EVL (Elitidrottsv\u00e4nliga l\u00e4ros\u00e4ten).<\/p>\n<h3>Verksamhetens inriktning<\/h3>\n<p>Vi skall ha en positiv atmosf\u00e4r, med en \u201dvinnarkultur\u201d inom elitverksamheten.<\/p>\n<p>Vi skall alltid ha n\u00e5gon, eller n\u00e5gra cyklister, i den yppersta v\u00e4rldseliten.<\/p>\n<p>Elitverksamheten skall pr\u00e4glas av h\u00e4nsyn, \u00f6dmjukhet och lojalitet.<\/p>\n<p>Vi ska verka f\u00f6r att Wadas Antidoping program efterf\u00f6ljs och tillsammans med SCF:s antidopinggrupp \u00e4ven finna nya v\u00e4gar f\u00f6r att utbilda v\u00e5ra cyklister i etik och moralfr\u00e5gor.<\/p>\n<p>Vi ska arbeta f\u00f6r att den aktive tar sitt ansvar f\u00f6r de krav och konsekvenser som en elitsatsning med internationellt h\u00f6gt st\u00e4llda m\u00e5l inneb\u00e4r, vilket i sin f\u00f6rl\u00e4ngning leder till en utveckling av hela v\u00e5r verksamhet.<\/p>\n<p>Vi ska arbeta f\u00f6r ett ut\u00f6kat samarbete mellan v\u00e5ra olika grenar och v\u00e5ra nordiska l\u00e4nder.<\/p>\n<p>Vi ska ha tr\u00e4ning, t\u00e4vling och utbildning samt l\u00e4ger som en viktig del i de olika landslagsprogrammen. Dessa l\u00e4ger f\u00f6rl\u00e4ggs till orter d\u00e4r vi har RIG eller NIU verksamhet.<\/p>\n<p>Vi ska f\u00f6rst\u00e4rka band och skapa utvecklingsm\u00f6jligheter f\u00f6r ledare inom landslagsverksamheten. RIG och NIU tr\u00e4nare \u00e4r med vid minst ett tillf\u00e4lle som ledare vid landslagssamlingar.<\/p>\n<p>Vi ska vidareutveckla handledarbok f\u00f6r landslagets lagledare, soigneurer (mass\u00f6rer) och mekaniker.<\/p>\n<p>Vi ska genom att kontinuerligt arrangera fysiologiska tester uppdatera och utveckla v\u00e5ra kravprofiler och utvecklingstrappor inom alla grenar.<\/p>\n<p>Vi ska se till att Elitplanen sprids och anv\u00e4nds av cyklister, tr\u00e4nare, cykelgymnasieskolor och f\u00f6reningar.<\/p>\n<p>Vi ska vara RF:s antidopinggrupp behj\u00e4lplig avseende \u201dout of competitiontester\u201d.<\/p>\n<p>Vi ska tillsammans med Sveriges Olympiska kommitt\u00e9, st\u00f6tta OS-aktuella cyklister i deras f\u00f6rberedelser inf\u00f6r OS. Liksom ge f\u00f6rslag p\u00e5 eventuella cyklister som \u00e4r aktuella f\u00f6r SOKs \u201dTopp och Talang program\u201d och deras \u201dUtmanarsatsning\u201d samt att arbeta f\u00f6r att de som \u00e4r inne blir kvar.<\/p>\n<p>Vi ska kvalitetss\u00e4kra landslagsverksamheten avseende ledare, administration och information.<\/p>\n<p>Vi ska arbeta f\u00f6r att utveckla m\u00f6jligheterna f\u00f6r elitsatsande cyklister att bedriva studier i kombination med elitsatsning.<\/p>\n<h3><\/h3>\n","protected":false},"excerpt":{"rendered":"<p>mars, 2016 Elit och Landslagsverksamhetens syfte Elit och landslagsorganisationen ansvarar f\u00f6r ledning och utveckling av elit- och landslagsverksamheten inom svensk cykelsport. Internationella framg\u00e5ngar med stj\u00e4rnor som vinner medaljer eller n\u00e5r framg\u00e5ngar vid stora t\u00e4vlingar skapar ett st\u00f6rre medialt intresse f\u00f6r cykelsporten och ger framtida talanger goda f\u00f6rebilder att inspireras av. Det utg\u00f6r ocks\u00e5 en<a href=\"https:\/\/scf.se\/forbundet\/mal-och-plan-for-elit-och-landslagsverksamhet\/\" class=\"news-card__more\"> &#8230;<\/a><\/p>\n","protected":false},"author":2,"featured_media":0,"parent":0,"menu_order":0,"comment_status":"closed","ping_status":"closed","template":"","meta":{"_acf_changed":false,"footnotes":""},"class_list":["post-1299","page","type-page","status-publish","hentry"],"acf":[],"_links":{"self":[{"href":"https:\/\/scf.se\/forbundet\/wp-json\/wp\/v2\/pages\/1299","targetHints":{"allow":["GET"]}}],"collection":[{"href":"https:\/\/scf.se\/forbundet\/wp-json\/wp\/v2\/pages"}],"about":[{"href":"https:\/\/scf.se\/forbundet\/wp-json\/wp\/v2\/types\/page"}],"author":[{"embeddable":true,"href":"https:\/\/scf.se\/forbundet\/wp-json\/wp\/v2\/users\/2"}],"replies":[{"embeddable":true,"href":"https:\/\/scf.se\/forbundet\/wp-json\/wp\/v2\/comments?post=1299"}],"version-history":[{"count":0,"href":"https:\/\/scf.se\/forbundet\/wp-json\/wp\/v2\/pages\/1299\/revisions"}],"wp:attachment":[{"href":"https:\/\/scf.se\/forbundet\/wp-json\/wp\/v2\/media?parent=1299"}],"curies":[{"name":"wp","href":"https:\/\/api.w.org\/{rel}","templated":true}]}}