
{"id":702,"date":"2022-07-05T10:30:40","date_gmt":"2022-07-05T08:30:40","guid":{"rendered":"http:\/\/scf.se\/cykelcross\/?page_id=702"},"modified":"2022-07-05T10:30:40","modified_gmt":"2022-07-05T08:30:40","slug":"uttagningskriterier-2022-23","status":"publish","type":"page","link":"https:\/\/scf.se\/cykelcross\/uttagningskriterier-2022-23\/","title":{"rendered":"Uttagningskriterier 2022\/23"},"content":{"rendered":"<h2 class=\"p1\" style=\"margin: 0cm 0cm 2.25pt 0cm\"><span class=\"s1\"><b><span style=\"font-size: 21.0pt;font-family: 'UICTFontTextStyleBody',serif;color: black\">EM-uttagning<\/span><\/b><\/span><span class=\"apple-converted-space\"><b><span style=\"font-size: 21.0pt;font-family: 'UICTFontTextStyleBody',serif;color: black\">\u00a0<\/span><\/b><\/span><\/h2>\n<p class=\"p2\" style=\"margin: 0cm;min-height: 22px\"><span style=\"font-size: 13.0pt;color: black\">\u00a0<\/span><\/p>\n<h3 class=\"p3\" style=\"margin: 0cm\"><span class=\"s2\"><span style=\"font-size: 13.0pt;font-family: 'UICTFontTextStyleBody',serif;color: black\">A-trupp (6-8 platser)<\/span><\/span><\/h3>\n<p class=\"p2\" style=\"margin: 0cm;min-height: 22px\"><span style=\"font-size: 13.0pt;color: black\">\u00a0<\/span><\/p>\n<h4 class=\"p3\" style=\"margin: 0cm\"><span class=\"s2\"><span style=\"font-size: 13.0pt;font-family: 'UICTFontTextStyleBody',serif;color: black\">U23 och Elit:<\/span><\/span><\/h4>\n<ul>\n<li><span class=\"s2\"><span style=\"font-size: 13.0pt;font-family: 'UICTFontTextStyleBody',serif;color: black\">F\u00f6r att vara aktuell till EM-s\u00e4songen 2022\/2023 ska du ha k\u00f6rt minst en t\u00e4vling med UCI-status C2 eller h\u00f6gre f\u00f6re 17 oktober 2022.<\/span><\/span><\/li>\n<li><span style=\"font-size: 13.0pt;font-family: 'UICTFontTextStyleBody',serif;color: black\"><span class=\"s2\">Placering, motst\u00e5nd och tid efter segrare kommer att tas i beaktning.<\/span> <\/span><\/li>\n<li><span style=\"font-size: 13.0pt;font-family: 'UICTFontTextStyleBody',serif;color: black\"><span class=\"s2\">Ut\u00f6ver denna t\u00e4vling kommer uttagningskommitt\u00e9n \u00e4ven att beakta resultaten i SWE-cup och CX-pokalen, UCI-ranking samt formkurva.<\/span><\/span><span style=\"font-size: 13.0pt;color: black\">\u00a0<\/span><\/li>\n<\/ul>\n<h4 class=\"p3\" style=\"margin: 0cm\"><span class=\"s2\"><span style=\"font-size: 13.0pt;font-family: 'UICTFontTextStyleBody',serif;color: black\">Junior:<\/span><\/span><\/h4>\n<ul>\n<li class=\"p3\"><span style=\"font-size: 13.0pt;font-family: 'UICTFontTextStyleBody',serif;color: black\"><span class=\"s2\">Deltagit i minst en CX-pokal helg och SWE Cup-t\u00e4vlingar, alternativt t\u00e4vling med minst UCI-status C2 f\u00f6re 17 oktober 2022.<\/span><\/span><\/li>\n<li class=\"p3\"><span style=\"font-size: 13.0pt;font-family: 'UICTFontTextStyleBody',serif;color: black\"><span class=\"s2\">Internationell erfarenhet och UCI-ranking kan anv\u00e4ndas f\u00f6r att skilja \u00e5kare \u00e5t.<\/span><\/span><\/li>\n<li class=\"p3\"><span class=\"s2\"><span style=\"font-size: 13.0pt;font-family: 'UICTFontTextStyleBody',serif;color: black\">Transport till och fr\u00e5n Belgien bekostas av den aktive.<\/span><\/span><\/li>\n<\/ul>\n<p class=\"p2\" style=\"margin: 0cm;min-height: 22px\"><span class=\"s2\"><span style=\"font-size: 13.0pt;font-family: 'UICTFontTextStyleBody',serif;color: black\">Uppdraget planeras p\u00e5g\u00e5 2-6 november 2022.<\/span><\/span><\/p>\n<p class=\"p3\" style=\"margin: 0cm\"><span class=\"s2\"><span style=\"font-size: 13.0pt;font-family: 'UICTFontTextStyleBody',serif;color: black\">Truppen presenteras l\u00f6pande mellan vecka 40-42.<\/span><\/span><\/p>\n<p class=\"p2\" style=\"margin: 0cm;min-height: 22px\"><span style=\"font-size: 13.0pt;color: black\">\u00a0<\/span><\/p>\n<h3 class=\"p3\" style=\"margin: 0cm\"><span class=\"s2\"><span style=\"font-size: 13.0pt;font-family: 'UICTFontTextStyleBody',serif;color: black\">B-trupp (max 6 platser)<\/span><\/span><\/h3>\n<p class=\"p2\" style=\"margin: 0cm;min-height: 22px\"><span style=\"font-size: 13.0pt;color: black\">\u00a0<\/span><\/p>\n<h4 class=\"p3\" style=\"margin: 0cm\"><span class=\"s2\"><span style=\"font-size: 13.0pt;font-family: 'UICTFontTextStyleBody',serif;color: black\">Junior, U23 och elit:<\/span><\/span><\/h4>\n<ul>\n<li class=\"p3\"><span style=\"font-size: 13.0pt;font-family: 'UICTFontTextStyleBody',serif;color: black\"><span class=\"s2\">Deltagit i<\/span><span class=\"apple-converted-space\">\u00a0\u00a0<\/span><span class=\"s2\">minst en helg med CX-pokal och CX SWE Cup-t\u00e4vlingar, alternativt t\u00e4vling med minst UCI-status C2 f\u00f6re 17 oktober 2022.<\/span><\/span><\/li>\n<li class=\"p3\"><span class=\"s2\"><span style=\"font-size: 13.0pt;font-family: 'UICTFontTextStyleBody',serif;color: black\">Uttagningskommitt\u00e9n kommer \u00e4ven att beakta resultaten i SWE-cup och CX-pokalen, UCI-ranking samt formkurva<\/span><\/span><\/li>\n<li class=\"p3\"><span class=\"s2\"><span style=\"font-size: 13.0pt;font-family: 'UICTFontTextStyleBody',serif;color: black\">Placering, motst\u00e5nd och tid efter segrare kommer att tas i beaktning.<\/span><\/span><span class=\"apple-converted-space\"><span style=\"font-size: 13.0pt;font-family: 'UICTFontTextStyleBody',serif;color: black\">\u00a0<\/span><\/span><\/li>\n<li class=\"p3\"><span class=\"s2\"><span style=\"font-size: 13.0pt;font-family: 'UICTFontTextStyleBody',serif;color: black\">Aktive sk\u00f6ter allt sj\u00e4lv som transport boende med mera men har full support under t\u00e4vlingsdagen som service med extra cykel i dep\u00e5n osv.<\/span><\/span><span class=\"apple-converted-space\"><span style=\"font-size: 13.0pt;font-family: 'UICTFontTextStyleBody',serif;color: black\">\u00a0<\/span><\/span><\/li>\n<\/ul>\n<p class=\"p2\" style=\"margin: 0cm;min-height: 22px\"><span style=\"font-size: 13.0pt;color: black\">\u00a0<\/span><span class=\"s2\"><span style=\"font-size: 13.0pt;font-family: 'UICTFontTextStyleBody',serif;color: black\">Uppdraget planeras p\u00e5g\u00e5 4-6 november 2022.<\/span><\/span><\/p>\n<p class=\"p2\" style=\"margin: 0cm;min-height: 22px\"><span class=\"s2\"><span style=\"font-size: 13.0pt;font-family: 'UICTFontTextStyleBody',serif;color: black\">Truppen presenteras vecka 42.<\/span><\/span><\/p>\n<p class=\"p2\" style=\"margin: 0cm;min-height: 22px\"><span style=\"font-size: 13.0pt;color: black\">\u00a0<\/span><\/p>\n<p class=\"p3\" style=\"margin: 0cm\"><em><strong><span class=\"s2\"><span style=\"font-size: 13.0pt;font-family: 'UICTFontTextStyleBody',serif;color: black\">Vid fr\u00e5gor: kontakta Dennis Wahlqvist,<\/span><\/span><span class=\"apple-converted-space\"><span style=\"font-size: 13.0pt;font-family: 'UICTFontTextStyleBody',serif;color: black\">\u00a0<\/span><\/span><span class=\"s2\"><span style=\"font-size: 13.0pt;font-family: 'UICTFontTextStyleBody',serif;color: black\"><a href=\"mailto:dennis.wahlqvist@scf.se\">dennis.wahlqvist@scf.se<\/a>, F\u00f6rbundskapten CX, Svenska Cykelf\u00f6rbundet.<\/span><\/span><\/strong><\/em><\/p>\n<p class=\"p3\" style=\"margin: 0cm\"><span style=\"font-size: 13.0pt;color: black\">\u00a0<\/span><\/p>\n","protected":false},"excerpt":{"rendered":"<p>EM-uttagning\u00a0 \u00a0 A-trupp (6-8 platser) \u00a0 U23 och Elit: F\u00f6r att vara aktuell till EM-s\u00e4songen 2022\/2023 ska du ha k\u00f6rt minst en t\u00e4vling med UCI-status C2 eller h\u00f6gre f\u00f6re 17 oktober 2022. Placering, motst\u00e5nd och tid efter segrare kommer att tas i beaktning. Ut\u00f6ver denna t\u00e4vling kommer uttagningskommitt\u00e9n \u00e4ven att beakta resultaten i SWE-cup<a href=\"https:\/\/scf.se\/cykelcross\/uttagningskriterier-2022-23\/\" class=\"news-card__more\"> &#8230;<\/a><\/p>\n","protected":false},"author":41,"featured_media":0,"parent":0,"menu_order":0,"comment_status":"closed","ping_status":"closed","template":"","meta":{"_acf_changed":false,"footnotes":""},"class_list":["post-702","page","type-page","status-publish","hentry"],"acf":[],"_links":{"self":[{"href":"https:\/\/scf.se\/cykelcross\/wp-json\/wp\/v2\/pages\/702","targetHints":{"allow":["GET"]}}],"collection":[{"href":"https:\/\/scf.se\/cykelcross\/wp-json\/wp\/v2\/pages"}],"about":[{"href":"https:\/\/scf.se\/cykelcross\/wp-json\/wp\/v2\/types\/page"}],"author":[{"embeddable":true,"href":"https:\/\/scf.se\/cykelcross\/wp-json\/wp\/v2\/users\/41"}],"replies":[{"embeddable":true,"href":"https:\/\/scf.se\/cykelcross\/wp-json\/wp\/v2\/comments?post=702"}],"version-history":[{"count":0,"href":"https:\/\/scf.se\/cykelcross\/wp-json\/wp\/v2\/pages\/702\/revisions"}],"wp:attachment":[{"href":"https:\/\/scf.se\/cykelcross\/wp-json\/wp\/v2\/media?parent=702"}],"curies":[{"name":"wp","href":"https:\/\/api.w.org\/{rel}","templated":true}]}}